{"id":25444,"date":"2025-04-04T16:21:49","date_gmt":"2025-04-04T20:21:49","guid":{"rendered":"https:\/\/insertech.ca\/?post_type=evenements-ateliers&#038;p=25444"},"modified":"2025-06-05T11:10:27","modified_gmt":"2025-06-05T15:10:27","slug":"semaine-du-numerique-responsable-2025","status":"publish","type":"evenements-ateliers","link":"https:\/\/insertech.ca\/en\/events-workshops\/semaine-du-numerique-responsable-2025\/","title":{"rendered":"Semaine du Num\u00e9rique Responsable"},"content":{"rendered":"<section class=\"l-section wpb_row us_custom_59029db1 height_medium\"><div class=\"l-section-h i-cf\"><div class=\"g-cols vc_row via_grid cols_1 laptops-cols_inherit tablets-cols_inherit mobiles-cols_1 valign_top type_default stacking_default\"><div class=\"wpb_column vc_column_container\"><div class=\"vc_column-inner\"><div class=\"w-separator size_medium\"><\/div><div class=\"wpb_text_column us_custom_60e9caca us_animate_this\"><div class=\"wpb_wrapper\"><h1 style=\"text-align: center;\">Semaine du Num\u00e9rique Responsable<\/h1>\n<\/div><\/div><div class=\"w-separator size_medium\"><\/div><\/div><\/div><\/div><\/div><\/section><section class=\"l-section wpb_row height_medium color_alternate\"><div class=\"l-section-h i-cf\"><div class=\"g-cols vc_row via_grid cols_2 laptops-cols_inherit tablets-cols_inherit mobiles-cols_1 valign_middle type_default stacking_default\"><div class=\"wpb_column vc_column_container\"><div class=\"vc_column-inner\"><div class=\"wpb_text_column\"><div class=\"wpb_wrapper\"><h2 style=\"text-align: center;\">Une semaine riche en \u00e9v\u00e9nements<\/h2>\n<\/div><\/div><div class=\"w-separator size_medium\"><\/div><div class=\"wpb_text_column\"><div class=\"wpb_wrapper\"><p>Du <strong>3 juin au 11 juin 2025<\/strong> aura lieu la semaine du Num\u00e9rique Responsable chez INSERTECH. Pour l&#8217;occasion, notre \u00e9quipe vous a concoct\u00e9 un ensemble d&#8217;activit\u00e9s ainsi que de belles promotions lors d&#8217;une nouvelle vente d&#8217;entrep\u00f4t !<\/p>\n<p>\u2794 Prolongez la vie de vos appareils \u00e9lectroniques gr\u00e2ce aux experts d&#8217;Insertech durant la Semaine du Num\u00e9rique Responsable<br \/>\n\u2794 \u00c9conomisez en d\u00e9couvrant nos appareils reconditionn\u00e9s de qualit\u00e9 \u00e0 prix avantageux lors de notre vente d&#8217;entrep\u00f4t<br \/>\n\u2794 Apprenez les bonnes pratiques du num\u00e9rique responsable avec nos ateliers accessibles \u00e0 tous, gratuitement<br \/>\n\u2794 Soutenez un organisme qui forme et int\u00e8gre des personnes en insertion socioprofessionnelle<br \/>\n\u2794 Contribuez \u00e0 r\u00e9duire l&#8217;empreinte \u00e9cologique du num\u00e9rique en privil\u00e9giant le r\u00e9emploi plut\u00f4t que l&#8217;achat du neuf<\/p>\n<p>D\u00e9couvrez le programme ci-dessous. N&#8217;oubliez pas de r\u00e9server votre place pour les \u00e9v\u00e9nements qui vous int\u00e9ressent !<\/p>\n<\/div><\/div><\/div><\/div><div class=\"wpb_column vc_column_container\"><div class=\"vc_column-inner\"><div class=\"w-image style_shadow-2 align_none\"><div class=\"w-image-h\"><div class=\"w-image-shadow\" style=\"background-image:url(https:\/\/insertech.ca\/uploads\/2025\/04\/snr-2025-web-3-1024x507.png);\"><\/div><img decoding=\"async\" width=\"1024\" height=\"507\" src=\"https:\/\/insertech.ca\/uploads\/2025\/04\/snr-2025-web-3-1024x507.png\" class=\"attachment-large size-large\" alt=\"\" loading=\"lazy\" srcset=\"https:\/\/insertech.ca\/uploads\/2025\/04\/snr-2025-web-3-1024x507.png 1024w, https:\/\/insertech.ca\/uploads\/2025\/04\/snr-2025-web-3-300x148.png 300w, https:\/\/insertech.ca\/uploads\/2025\/04\/snr-2025-web-3-600x297.png 600w, https:\/\/insertech.ca\/uploads\/2025\/04\/snr-2025-web-3.png 1053w\" sizes=\"auto, (max-width: 1024px) 100vw, 1024px\" \/><\/div><\/div><\/div><\/div><\/div><\/div><\/section><section class=\"l-section wpb_row us_custom_9ccc05f2 height_medium\"><div class=\"l-section-h i-cf\"><div class=\"g-cols vc_row via_grid cols_4 laptops-cols_inherit tablets-cols_inherit mobiles-cols_1 valign_top type_default stacking_default\"><div class=\"wpb_column vc_column_container us_custom_9a264ffd has_bg_color\"><div class=\"vc_column-inner\"><h4 class=\"w-text us_custom_ac587473 has_text_color\"><span class=\"w-text-h\"><span class=\"w-text-value\">Des webinaires technos<\/span><\/span><\/h4><div class=\"w-separator size_small\"><\/div><div class=\"w-image us_custom_557a298a style_circle align_center\"><div class=\"w-image-h\"><img decoding=\"async\" width=\"600\" height=\"399\" src=\"https:\/\/insertech.ca\/uploads\/2025\/04\/SR_Insertech-82-600x399.jpg\" class=\"attachment-us_600_600 size-us_600_600\" alt=\"\" loading=\"lazy\" srcset=\"https:\/\/insertech.ca\/uploads\/2025\/04\/SR_Insertech-82-600x399.jpg 600w, https:\/\/insertech.ca\/uploads\/2025\/04\/SR_Insertech-82-300x200.jpg 300w, https:\/\/insertech.ca\/uploads\/2025\/04\/SR_Insertech-82.jpg 1024w\" sizes=\"auto, (max-width: 600px) 100vw, 600px\" \/><\/div><\/div><div class=\"w-separator size_small\"><\/div><div class=\"wpb_text_column us_custom_df5f4c97 has_text_color\"><div class=\"wpb_wrapper\"><p style=\"text-align: center;\">Nos formateurs vous accompagneront en ligne pour en apprendre plus sur la fin du support Windows 10, sur comment prolonger la vie de votre ordinateur Windows 10 ou comment initialiser Windows 11 sur votre ordinateur compatible.<\/p>\n<\/div><\/div><\/div><\/div><div class=\"wpb_column vc_column_container us_custom_a6ad26c5 has_bg_color\"><div class=\"vc_column-inner\"><h4 class=\"w-text us_custom_6d731180 has_text_color\"><span class=\"w-text-h\"><span class=\"w-text-value\">Des ateliers engag\u00e9s<\/span><\/span><\/h4><div class=\"w-separator size_small\"><\/div><div class=\"w-image style_circle align_center\"><div class=\"w-image-h\"><img decoding=\"async\" width=\"600\" height=\"276\" src=\"https:\/\/insertech.ca\/uploads\/2025\/04\/IMG_20240320_123818-600x276.jpg\" class=\"attachment-us_600_600 size-us_600_600\" alt=\"\" loading=\"lazy\" srcset=\"https:\/\/insertech.ca\/uploads\/2025\/04\/IMG_20240320_123818-600x276.jpg 600w, https:\/\/insertech.ca\/uploads\/2025\/04\/IMG_20240320_123818-300x138.jpg 300w, https:\/\/insertech.ca\/uploads\/2025\/04\/IMG_20240320_123818-1024x472.jpg 1024w\" sizes=\"auto, (max-width: 600px) 100vw, 600px\" \/><\/div><\/div><div class=\"w-separator size_small\"><\/div><div class=\"wpb_text_column us_custom_6745946f has_text_color\"><div class=\"wpb_wrapper\"><p style=\"text-align: center;\">Participez \u00e0 une Fresque du num\u00e9rique, faites r\u00e9parer votre ordinateur ou installer Linux sur votre appareil non compatible Windows 11. Le tout, gratuitement !<\/p>\n<\/div><\/div><\/div><\/div><div class=\"wpb_column vc_column_container us_custom_b957512f has_bg_color\"><div class=\"vc_column-inner\"><h4 class=\"w-text us_custom_ac587473 has_text_color\"><span class=\"w-text-h\"><span class=\"w-text-value\">Des portes ouvertes<\/span><\/span><\/h4><div class=\"w-separator size_small\"><\/div><div class=\"w-image style_circle align_center\"><div class=\"w-image-h\"><img decoding=\"async\" width=\"600\" height=\"400\" src=\"https:\/\/insertech.ca\/uploads\/2025\/04\/SR_Insertech-53-600x400.jpg\" class=\"attachment-us_600_600 size-us_600_600\" alt=\"\" loading=\"lazy\" srcset=\"https:\/\/insertech.ca\/uploads\/2025\/04\/SR_Insertech-53-600x400.jpg 600w, https:\/\/insertech.ca\/uploads\/2025\/04\/SR_Insertech-53-300x200.jpg 300w, https:\/\/insertech.ca\/uploads\/2025\/04\/SR_Insertech-53.jpg 1024w\" sizes=\"auto, (max-width: 600px) 100vw, 600px\" \/><\/div><\/div><div class=\"w-separator size_small\"><\/div><div class=\"wpb_text_column us_custom_df5f4c97 has_text_color\"><div class=\"wpb_wrapper\"><p style=\"text-align: center;\">D\u00e9couvrez les coulisses d&#8217;Insertech et explorez l&#8217;atelier, l&#8217;entrep\u00f4t, les locaux communs pour vous plonger dans notre univers quotidien et rencontrer les \u00e9quipes de l&#8217;ombre !<\/p>\n<\/div><\/div><\/div><\/div><div class=\"wpb_column vc_column_container us_custom_4553eec5 has_bg_color\"><div class=\"vc_column-inner\"><h4 class=\"w-text us_custom_6d731180 has_text_color\"><span class=\"w-text-h\"><span class=\"w-text-value\">Une vente d&#8217;entrep\u00f4t<\/span><\/span><\/h4><div class=\"w-separator size_small\"><\/div><div class=\"w-image style_circle align_center\"><div class=\"w-image-h\"><img decoding=\"async\" width=\"600\" height=\"276\" src=\"https:\/\/insertech.ca\/uploads\/2025\/04\/IMG_20241123_090208-600x276.jpg\" class=\"attachment-us_600_600 size-us_600_600\" alt=\"\" loading=\"lazy\" srcset=\"https:\/\/insertech.ca\/uploads\/2025\/04\/IMG_20241123_090208-600x276.jpg 600w, https:\/\/insertech.ca\/uploads\/2025\/04\/IMG_20241123_090208-300x138.jpg 300w, https:\/\/insertech.ca\/uploads\/2025\/04\/IMG_20241123_090208-1024x472.jpg 1024w\" sizes=\"auto, (max-width: 600px) 100vw, 600px\" \/><\/div><\/div><div class=\"w-separator size_small\"><\/div><div class=\"wpb_text_column us_custom_6745946f has_text_color\"><div class=\"wpb_wrapper\"><p style=\"text-align: center;\">On vous fait des cadeaux avant l&#8217;heure ! Insertech vous propose <a href=\"https:\/\/insertech.ca\/lp\/ve-snr-2025\/\"><strong>une vente d&#8217;entrep\u00f4t de printemps<\/strong><\/a> avec ses ordinateurs reconditionn\u00e9s par notre \u00e9quipe. Profitez d&#8217;appareils super performants \u00e0 petits prix !<\/p>\n<\/div><\/div><\/div><\/div><\/div><\/div><\/section><section class=\"l-section wpb_row height_medium\"><div class=\"l-section-h i-cf\"><div class=\"g-cols vc_row via_grid cols_1 laptops-cols_inherit tablets-cols_inherit mobiles-cols_1 valign_top type_default stacking_default\"><div class=\"wpb_column vc_column_container\"><div class=\"vc_column-inner\"><div class=\"w-html\"><div id='evcal_calendar_478' class='ajde_evcal_calendar sev cev color esty_2 etttc_custom evoEL ajax_loading_cal' data-cal=''><div id='evcal_head' class='calendar_header evcal_nosort' ><div class='evo_cal_above evodfx evofx_dr_r marb5 evofx_ww'><button class='cal_head_btn evo-gototoday-btn' style='' data-mo='' data-yr='' data-dy='' aria-label='evo-gototoday-btn'>Mois courant<\/button><\/div><div class='evo_cal_above_content'><\/div><div class='evo_header_title '><\/div><\/div><div class='evo_filter_bar evo_main_filter_bar eventon_sorting_section '><div class='evo_filter_container evodfx evo_fx_ai_c'><div class='evo_filter_container_in'><div class='eventon_filter_line' ><div class='evo_loading_bar_holder h100 loading_filters swipe' style='min-height:30px;'><div class='nesthold r g10'><div class='evo_loading_bar wid_100% hi_30px' style='width:100%; height:30px; margin-bottom:1px;'><\/div><div class='evo_loading_bar wid_100% hi_30px' style='width:100%; height:30px; margin-bottom:1px;'><\/div><div class='evo_loading_bar wid_100% hi_30px' style='width:100%; height:30px; margin-bottom:1px;'><\/div><div class='evo_loading_bar wid_100% hi_30px' style='width:100%; height:30px; margin-bottom:1px;'><\/div><div class='evo_loading_bar wid_100% hi_30px' style='width:100%; height:30px; margin-bottom:1px;'><\/div><\/div><\/div><\/div><\/div><div class='evo_filter_nav evo_filter_l'><i class='fa fa-chevron-left'><\/i><\/div><div class='evo_filter_nav evo_filter_r'><i class='fa fa-chevron-right'><\/i><\/div><\/div><div class='evo_filter_aply_btns'><\/div><div class='evo_filter_menu'><\/div><\/div><div id='eventon_loadbar_section'><div id='eventon_loadbar'><\/div><\/div><div class='evo_events_list_box'><div id='evcal_list' class='eventon_events_list  el_cal'><div class='evo_loading_bar_holder h100 loading_e swipe' style=''><div class='nest nest1 e'><div class='nesthold r g10'><div class='nest nest2 e1'><div class='evo_loading_bar wid_100px hi_95px' style='width:100px; height:95px; '><\/div><\/div><div class='nest nest2 e2'><div class='evo_loading_bar wid_50% hi_55px' style='width:50%; height:55px; '><\/div><div class='evo_loading_bar wid_90% hi_30px' style='width:90%; height:30px; '><\/div><\/div><\/div><\/div><div class='nest nest1 e'><div class='nesthold r g10'><div class='nest nest2 e1'><div class='evo_loading_bar wid_100px hi_95px' style='width:100px; height:95px; '><\/div><\/div><div class='nest nest2 e2'><div class='evo_loading_bar wid_50% hi_55px' style='width:50%; height:55px; '><\/div><div class='evo_loading_bar wid_90% hi_30px' style='width:90%; height:30px; '><\/div><\/div><\/div><\/div><div class='nest nest1 e'><div class='nesthold r g10'><div class='nest nest2 e1'><div class='evo_loading_bar wid_100px hi_95px' style='width:100px; height:95px; '><\/div><\/div><div class='nest nest2 e2'><div class='evo_loading_bar wid_50% hi_55px' style='width:50%; height:55px; '><\/div><div class='evo_loading_bar wid_90% hi_30px' style='width:90%; height:30px; '><\/div><\/div><\/div><\/div><\/div>\t\t\t<\/div>\r\n\t\t\t<\/div>\t\r\n\t\t\t<div class='clear'><\/div>\r\n\t\t\t\t\t \t<div id='evcal_footer' class='evo_bottom' style='display:none'>\r\n\t\t \t\t<div class='evo_cal_data' data-sc=\"{&quot;accord&quot;:&quot;no&quot;,&quot;bottom_nav&quot;:&quot;no&quot;,&quot;cal_id&quot;:&quot;&quot;,&quot;cal_init_nonajax&quot;:&quot;no&quot;,&quot;cal_type&quot;:&quot;&quot;,&quot;calendar_type&quot;:&quot;el&quot;,&quot;el_title&quot;:&quot;&quot;,&quot;el_type&quot;:&quot;ue&quot;,&quot;end_range&quot;:0,&quot;ep_fields&quot;:&quot;&quot;,&quot;etc_override&quot;:&quot;no&quot;,&quot;evc_open&quot;:&quot;no&quot;,&quot;event_count&quot;:0,&quot;event_count_list&quot;:&quot;no&quot;,&quot;event_location&quot;:&quot;all&quot;,&quot;event_order&quot;:&quot;ASC&quot;,&quot;event_organizer&quot;:&quot;all&quot;,&quot;event_parts&quot;:&quot;no&quot;,&quot;event_past_future&quot;:&quot;all&quot;,&quot;event_status&quot;:&quot;all&quot;,&quot;event_tag&quot;:&quot;all&quot;,&quot;event_type&quot;:&quot;154&quot;,&quot;event_type_2&quot;:&quot;all&quot;,&quot;event_virtual&quot;:&quot;all&quot;,&quot;eventtop_date_style&quot;:0,&quot;eventtop_style&quot;:&quot;2&quot;,&quot;exp_jumper&quot;:&quot;no&quot;,&quot;exp_so&quot;:&quot;no&quot;,&quot;filter_relationship&quot;:&quot;AND&quot;,&quot;filter_show_set_only&quot;:&quot;no&quot;,&quot;filter_style&quot;:&quot;default&quot;,&quot;filter_type&quot;:&quot;default&quot;,&quot;filters&quot;:&quot;yes&quot;,&quot;fixed_month&quot;:&quot;&quot;,&quot;fixed_year&quot;:&quot;&quot;,&quot;focus_end_date_range&quot;:&quot;1790827199&quot;,&quot;focus_start_date_range&quot;:&quot;1777306503&quot;,&quot;ft_event_priority&quot;:&quot;no&quot;,&quot;hide_arrows&quot;:&quot;no&quot;,&quot;hide_cancels&quot;:&quot;no&quot;,&quot;hide_countdown&quot;:&quot;no&quot;,&quot;hide_empty_months&quot;:&quot;no&quot;,&quot;hide_end_time&quot;:&quot;no&quot;,&quot;hide_et_dn&quot;:&quot;no&quot;,&quot;hide_et_extra&quot;:&quot;no&quot;,&quot;hide_et_tags&quot;:&quot;no&quot;,&quot;hide_et_tl&quot;:&quot;no&quot;,&quot;hide_ft&quot;:&quot;no&quot;,&quot;hide_ft_img&quot;:&quot;no&quot;,&quot;hide_month_headers&quot;:&quot;no&quot;,&quot;hide_mult_occur&quot;:&quot;no&quot;,&quot;hide_past&quot;:&quot;no&quot;,&quot;hide_past_by&quot;:&quot;ee&quot;,&quot;hide_so&quot;:&quot;no&quot;,&quot;ics&quot;:&quot;no&quot;,&quot;jumper&quot;:&quot;no&quot;,&quot;jumper_count&quot;:5,&quot;jumper_offset&quot;:&quot;0&quot;,&quot;lang&quot;:&quot;L1&quot;,&quot;layout_changer&quot;:&quot;no&quot;,&quot;livenow_bar&quot;:&quot;yes&quot;,&quot;mapformat&quot;:&quot;roadmap&quot;,&quot;mapiconurl&quot;:&quot;&quot;,&quot;maps_load&quot;:&quot;no&quot;,&quot;mapscroll&quot;:&quot;true&quot;,&quot;mapzoom&quot;:&quot;16&quot;,&quot;members_only&quot;:&quot;no&quot;,&quot;ml_priority&quot;:&quot;no&quot;,&quot;ml_toend&quot;:&quot;no&quot;,&quot;month_incre&quot;:0,&quot;month_order&quot;:&quot;ASC&quot;,&quot;number_of_months&quot;:&quot;6&quot;,&quot;only_ft&quot;:&quot;no&quot;,&quot;pec&quot;:&quot;&quot;,&quot;s&quot;:&quot;&quot;,&quot;search&quot;:&quot;&quot;,&quot;search_all&quot;:&quot;no&quot;,&quot;sep_month&quot;:&quot;no&quot;,&quot;show_et_ft_img&quot;:&quot;no&quot;,&quot;show_limit&quot;:&quot;no&quot;,&quot;show_limit_ajax&quot;:&quot;no&quot;,&quot;show_limit_paged&quot;:1,&quot;show_limit_redir&quot;:&quot;&quot;,&quot;show_repeats&quot;:&quot;no&quot;,&quot;show_rsvp&quot;:&quot;no&quot;,&quot;show_search&quot;:&quot;no&quot;,&quot;show_upcoming&quot;:0,&quot;show_year&quot;:&quot;no&quot;,&quot;social_share&quot;:&quot;no&quot;,&quot;sort_by&quot;:&quot;sort_date&quot;,&quot;start_range&quot;:0,&quot;tile_bg&quot;:0,&quot;tile_bg_size&quot;:&quot;full&quot;,&quot;tile_count&quot;:2,&quot;tile_height&quot;:0,&quot;tile_style&quot;:0,&quot;tiles&quot;:&quot;no&quot;,&quot;ux_val&quot;:&quot;0&quot;,&quot;view_switcher&quot;:&quot;no&quot;,&quot;wpml_l1&quot;:&quot;&quot;,&quot;wpml_l2&quot;:&quot;&quot;,&quot;wpml_l3&quot;:&quot;&quot;,&quot;x_ids&quot;:&quot;&quot;,&quot;yl_priority&quot;:&quot;no&quot;,&quot;yl_toend&quot;:&quot;no&quot;,&quot;fixed_day&quot;:&quot;27&quot;,&quot;fixed_date&quot;:&quot;&quot;,&quot;_cver&quot;:&quot;5.0.2&quot;}\" data-filter_data=\"{&quot;event_type_2&quot;:{&quot;__name&quot;:&quot;Type d&#039;\\u00e9v\\u00e9nement&quot;,&quot;__tax&quot;:&quot;event_type_2&quot;,&quot;__filter_type&quot;:&quot;tax&quot;,&quot;__def_val&quot;:[&quot;all&quot;],&quot;__invals&quot;:[&quot;all&quot;],&quot;__notvals&quot;:[],&quot;__list&quot;:{&quot;all&quot;:[&quot;all&quot;,&quot;Tout&quot;],&quot;classique&quot;:[71,&quot;Classique&quot;,false,&quot;y&quot;,&quot;&quot;],&quot;hybride-presentiel-virtuel&quot;:[117,&quot;Hybride (pr\\u00e9sentiel + virtuel)&quot;,false,&quot;y&quot;,&quot;&quot;],&quot;installfest&quot;:[162,&quot;Installfest&quot;,false,&quot;y&quot;,&quot;&quot;],&quot;jeunesse&quot;:[73,&quot;Jeunesse&quot;,false,&quot;y&quot;,&quot;&quot;],&quot;reparothon&quot;:[175,&quot;R\\u00e9parothon&quot;,false,&quot;y&quot;,&quot;&quot;]},&quot;nterms&quot;:[&quot;all&quot;],&quot;tterms&quot;:[&quot;all&quot;],&quot;terms&quot;:[&quot;all&quot;]}}\" data-nav_data=\"{&quot;month_title&quot;:&quot;&lt;p id=&#039;evcal_cur&#039; class=&#039;evo_month_title padr10&#039;&gt; , &lt;\\\/p&gt;&quot;,&quot;arrows&quot;:&quot;&lt;p class=&#039;evo_arrows&#039;&gt;\\r\\n\\t\\t\\t\\t\\t&lt;button id=&#039;evcal_prev&#039; class=&#039;evcal_arrows evcal_btn_prev evodfx evofx_jc_c evofx_ai_c&#039; aria-label=&#039;Previous Month&#039;&gt;&lt;i class=&#039;fa fa-chevron-left&#039; aria-hidden=&#039;true&#039;&gt;&lt;\\\/i&gt;&lt;\\\/button&gt;\\r\\n\\t\\t\\t\\t\\t&lt;button id=&#039;evcal_next&#039; class=&#039;evcal_arrows evo_arrow_next evcal_btn_next evodfx evofx_jc_c evofx_ai_c&#039; aria-label=&#039;Next Month&#039;&gt;&lt;i class=&#039;fa fa-chevron-right&#039; aria-hidden=&#039;true&#039;&gt;&lt;\\\/i&gt;&lt;\\\/button&gt;\\r\\n\\t\\t\\t\\t\\t&lt;\\\/p&gt;&quot;}\" data-od=\"{&quot;lang_no_events&quot;:&quot;No Events&quot;,&quot;cal_tz_offset&quot;:-240,&quot;cal_tz&quot;:&quot;America\\\/Toronto&quot;}\" ><\/div>\r\n\t\t \t\t<div class='evo_cal_events' data-events=\"\"><\/div>\r\n\t\t \t<\/div>\r\n\t\t\t\t\r\n\t\t\t\r\n\t\t\t\t\t\t<\/div>\r\n\t\t\t<\/div><div class=\"wpb_text_column\"><div class=\"wpb_wrapper\"><h2 style=\"text-align: center;\">Inscrivez-vous d\u00e8s maintenant !<\/h2>\n<\/div><\/div><div class=\"w-separator size_large\"><\/div><div class=\"wpb_text_column\"><div class=\"wpb_wrapper\"><h3>POURQUOI PARTICIPER ?<\/h3>\n<p>Saviez-vous que la fabrication d&#8217;un ordinateur portable g\u00e9n\u00e8re environ 316 kg de CO2 et n\u00e9cessite 240 kg de combustibles fossiles, 22 kg de produits chimiques et 1,5 tonne d&#8217;eau selon l&#8217;ADEME et le Programme des Nations unies pour l&#8217;environnement? En <strong>prolongeant la dur\u00e9e de vie de votre ordinateur Windows 10<\/strong> ou en <strong>optant pour du mat\u00e9riel informatique reconditionn\u00e9<\/strong>, vous r\u00e9duisez significativement votre <strong>impact environnemental<\/strong> tout en r\u00e9alisant des \u00e9conomies substantielles.<\/p>\n<p>Chaque ann\u00e9e, des <strong>milliers d&#8217;appareils \u00e9lectroniques fonctionnels<\/strong> finissent pr\u00e9matur\u00e9ment comme <strong>d\u00e9chets \u00e9lectroniques<\/strong>. Notre intention : vous offrir des <strong>cours informatiques en ligne et des formations informatiques sur place<\/strong> pour maximiser la dur\u00e9e de vie de vos appareils.<\/p>\n<h3>PROGRAMME COMPLET<\/h3>\n<h4>ATELIERS ET WEBINAIRES TECHNOS (EN LIGNE)<\/h4>\n<p><strong>3 juin &#8211; Fin du support de Windows 10<\/strong> : comprendre les enjeux et alternatives avec notre formation informatique en ligne<br \/>\n<strong>5 juin &#8211; Prolongez la dur\u00e9e de vie de votre ordinateur Windows 10<\/strong> gr\u00e2ce \u00e0 cet atelier pratique en ligne<br \/>\n<strong>11 juin &#8211; Initialisation Windows 11 et Libre Office<\/strong> avec notre formation informatique en ligne<br \/>\nParticipez confortablement depuis votre domicile \u00e0 nos ateliers informatiques en ligne anim\u00e9s par nos experts. Posez vos questions en direct et repartez avec des solutions concr\u00e8tes pour une consommation num\u00e9rique responsable.<\/p>\n<h4>ATELIERS PARTICIPATIFS (SUR PLACE)<\/h4>\n<p><strong>3 juin &#8211; Fresque du num\u00e9rique<\/strong> : un atelier engag\u00e9 pour visualiser l&#8217;impact environnemental des technologies de l&#8217;information et d\u00e9couvrir les pistes de solutions<br \/>\n<strong>4 juin &#8211; Installfest &#8211; Linux sur votre ordinateur<\/strong> : installez un syst\u00e8me d&#8217;exploitation libre, une bonne alternative pour les personnes qui ne peuvent pas passer \u00e0 Windows 11<br \/>\n<strong>11 juin &#8211; Initialisation Windows 11 et Libre Office<\/strong> en pr\u00e9sence : cours informatique sur place pour d\u00e9butants<br \/>\nDes sessions pratiques et conviviales pour apprendre \u00e0 r\u00e9parer et entretenir vos appareils, encadr\u00e9es par nos techniciens offrant des cours d&#8217;informatique pour a\u00een\u00e9s et tous publics. Places limit\u00e9es, inscription recommand\u00e9e.<\/p>\n<h4>D\u00c9COUVERTE ET \u00c9CONOMIES<\/h4>\n<p><strong>6 juin &#8211; Atelier &#8220;De l&#8217;\u00e9lectron \u00e0 la programmation&#8221; :<\/strong> apprenez les rudiments de l&#8217;\u00e9lectronique, avant de vous lancer dans la programmation de mani\u00e8re simple et visuelle<br \/>\n<strong>7 juin &#8211; Vente d&#8217;entrep\u00f4t exceptionnelle<\/strong> : 1 jour seulement, gros rabais sur les ordinateurs portables reconditionn\u00e9s, dans les locaux d&#8217;Insertech<br \/>\n<strong>8 juin au 11 juin &#8211; Vente d&#8217;entrep\u00f4t en ligne<\/strong> : gros rabais sur la boutique en ligne, pour celles et ceux qui n&#8217;auront pas pu venir \u00e0 la vente d&#8217;entrep\u00f4t chez Insertech<br \/>\n<strong>10 juin &#8211; Portes ouvertes d&#8217;Insertech<\/strong> : d\u00e9couvrez notre atelier de reconditionnement sur place et notre mod\u00e8le d&#8217;insertion sociale<\/p>\n<h3>POUR TOUS LES PUBLICS<\/h3>\n<p>Notre programmation de cours informatiques s&#8217;adresse \u00e0 tous, quels que soient votre niveau technique ou vos besoins :<br \/>\nTravailleurs : Cours informatiques en ligne en soir\u00e9e pour vous permettre de concilier vie professionnelle et pratiques num\u00e9riques responsables<br \/>\nFamilles : Solutions \u00e9conomiques et formation informatique sur place pour \u00e9quiper toute la famille<br \/>\n\u00c9tudiants : Cours d&#8217;informatique sp\u00e9cialis\u00e9s et offres sp\u00e9ciales adapt\u00e9s \u00e0 vos besoins acad\u00e9miques<br \/>\nA\u00een\u00e9s : Cours d&#8217;informatique pour a\u00een\u00e9s avec accompagnement personnalis\u00e9 \u00e0 votre rythme<\/p>\n<h3>UN IMPACT SOCIAL ET ENVIRONNEMENTAL CONCRET<\/h3>\n<p>En participant \u00e0 la Semaine du Num\u00e9rique Responsable, vous contribuez directement \u00e0 notre mission d&#8217;insertion socioprofessionnelle. Insertech forme et accompagne des personnes en insertion qui acqui\u00e8rent des comp\u00e9tences en informatique recherch\u00e9es sur le march\u00e9 du travail.<\/p>\n<p>Chaque appareil \u00e9lectronique reconditionn\u00e9 repr\u00e9sente :<br \/>\nUne r\u00e9duction significative de d\u00e9chets \u00e9lectroniques et d&#8217;empreinte carbone<br \/>\nDes \u00e9conomies substantielles pour les utilisateurs gr\u00e2ce \u00e0 l&#8217;\u00e9conomie circulaire<br \/>\nUn tremplin professionnel pour nos participants \u00e0 travers notre programme d&#8217;insertion socioprofessionnelle<\/p>\n<p>SOURCES : <a href=\"https:\/\/www.bilans-ges.ademe.fr\/\"><span style=\"font-weight: 400;\">ADEME<\/span><\/a><span style=\"font-weight: 400;\">, <\/span><a href=\"https:\/\/www.unep.org\/explore-topics\/resource-efficiency\/what-we-do\/responsible-industry\/digital-transformation\"><span style=\"font-weight: 400;\">PNUE<\/span><\/a>.<\/p>\n<\/div><\/div><\/div><\/div><\/div><\/div><\/section><section class=\"l-section wpb_row us_custom_c6f6a44a padding-inline-6 has_text_color height_medium\"><div class=\"l-section-h i-cf\"><div class=\"g-cols vc_row via_grid cols_1 laptops-cols_inherit tablets-cols_inherit mobiles-cols_1 valign_middle type_default stacking_default\"><div class=\"wpb_column vc_column_container\"><div class=\"vc_column-inner\"><div class=\"wpb_text_column style-h3\"><div class=\"wpb_wrapper\"><h2 style=\"text-align: center;\">Vous avez des questions sur les \u00e9v\u00e9nements ou de la difficult\u00e9 pour vous inscrire ?<\/h2>\n<\/div><\/div><div class=\"w-separator size_medium\"><\/div><div class=\"w-btn-wrapper align_center\"><a class=\"w-btn us-btn-style_4\" href=\"https:\/\/insertech.ca\/nous-joindre\/\"><span class=\"w-btn-label\">Contactez-nous<\/span><\/a><\/div><\/div><\/div><\/div><\/div><\/section>\n","protected":false},"featured_media":25690,"template":"","class_list":["post-25444","evenements-ateliers","type-evenements-ateliers","status-publish","has-post-thumbnail","hentry"],"acf":[],"yoast_head":"\n<title>Semaine du Num\u00e9rique Responsable | Insertech<\/title>\n<meta name=\"description\" content=\"Du 3 juin au 11 juin aura lieu la semaine du Num\u00e9rique Responsable chez INSERTECH. Pour l&#039;occasion, notre \u00e9quipe vous a concoct\u00e9 un ensemble d&#039;activit\u00e9s ainsi que de belles promotions lors d&#039;une nouvelle vente d&#039;entrep\u00f4t !\" \/>\n<meta name=\"robots\" content=\"index, follow, max-snippet:-1, max-image-preview:large, max-video-preview:-1\" \/>\n<link rel=\"canonical\" href=\"https:\/\/insertech.ca\/en\/events-workshops\/semaine-du-numerique-responsable-2025\/\" \/>\n<meta property=\"og:locale\" content=\"en_US\" \/>\n<meta property=\"og:type\" content=\"article\" \/>\n<meta property=\"og:title\" content=\"Semaine du Num\u00e9rique Responsable | Insertech\" \/>\n<meta property=\"og:description\" content=\"Du 3 juin au 11 juin aura lieu la semaine du Num\u00e9rique Responsable chez INSERTECH. Pour l&#039;occasion, notre \u00e9quipe vous a concoct\u00e9 un ensemble d&#039;activit\u00e9s ainsi que de belles promotions lors d&#039;une nouvelle vente d&#039;entrep\u00f4t !\" \/>\n<meta property=\"og:url\" content=\"https:\/\/insertech.ca\/en\/events-workshops\/semaine-du-numerique-responsable-2025\/\" \/>\n<meta property=\"og:site_name\" content=\"Insertech\" \/>\n<meta property=\"article:publisher\" content=\"https:\/\/www.facebook.com\/insertech.angus\" \/>\n<meta property=\"article:modified_time\" content=\"2025-06-05T15:10:27+00:00\" \/>\n<meta property=\"og:image\" content=\"https:\/\/insertech.ca\/uploads\/2025\/04\/snr-2025-web-3.png\" \/>\n\t<meta property=\"og:image:width\" content=\"1053\" \/>\n\t<meta property=\"og:image:height\" content=\"521\" \/>\n\t<meta property=\"og:image:type\" content=\"image\/png\" \/>\n<meta name=\"twitter:card\" content=\"summary_large_image\" \/>\n<meta name=\"twitter:site\" content=\"@insertech\" \/>\n<meta name=\"twitter:label1\" content=\"Est. reading time\" \/>\n\t<meta name=\"twitter:data1\" content=\"6 minutes\" \/>\n<script type=\"application\/ld+json\" class=\"yoast-schema-graph\">{\"@context\":\"https:\\\/\\\/schema.org\",\"@graph\":[{\"@type\":\"WebPage\",\"@id\":\"https:\\\/\\\/insertech.ca\\\/en\\\/events-workshops\\\/semaine-du-numerique-responsable-2025\\\/\",\"url\":\"https:\\\/\\\/insertech.ca\\\/en\\\/events-workshops\\\/semaine-du-numerique-responsable-2025\\\/\",\"name\":\"Semaine du Num\u00e9rique Responsable | Insertech\",\"isPartOf\":{\"@id\":\"https:\\\/\\\/insertech.ca\\\/en\\\/#website\"},\"primaryImageOfPage\":{\"@id\":\"https:\\\/\\\/insertech.ca\\\/en\\\/events-workshops\\\/semaine-du-numerique-responsable-2025\\\/#primaryimage\"},\"image\":{\"@id\":\"https:\\\/\\\/insertech.ca\\\/en\\\/events-workshops\\\/semaine-du-numerique-responsable-2025\\\/#primaryimage\"},\"thumbnailUrl\":\"https:\\\/\\\/insertech.ca\\\/wp-content\\\/uploads\\\/2025\\\/04\\\/snr-2025-web-3.png\",\"datePublished\":\"2025-04-04T20:21:49+00:00\",\"dateModified\":\"2025-06-05T15:10:27+00:00\",\"description\":\"Du 3 juin au 11 juin aura lieu la semaine du Num\u00e9rique Responsable chez INSERTECH. Pour l'occasion, notre \u00e9quipe vous a concoct\u00e9 un ensemble d'activit\u00e9s ainsi que de belles promotions lors d'une nouvelle vente d'entrep\u00f4t !\",\"breadcrumb\":{\"@id\":\"https:\\\/\\\/insertech.ca\\\/en\\\/events-workshops\\\/semaine-du-numerique-responsable-2025\\\/#breadcrumb\"},\"inLanguage\":\"en-US\",\"potentialAction\":[{\"@type\":\"ReadAction\",\"target\":[\"https:\\\/\\\/insertech.ca\\\/en\\\/events-workshops\\\/semaine-du-numerique-responsable-2025\\\/\"]}]},{\"@type\":\"ImageObject\",\"inLanguage\":\"en-US\",\"@id\":\"https:\\\/\\\/insertech.ca\\\/en\\\/events-workshops\\\/semaine-du-numerique-responsable-2025\\\/#primaryimage\",\"url\":\"https:\\\/\\\/insertech.ca\\\/wp-content\\\/uploads\\\/2025\\\/04\\\/snr-2025-web-3.png\",\"contentUrl\":\"https:\\\/\\\/insertech.ca\\\/wp-content\\\/uploads\\\/2025\\\/04\\\/snr-2025-web-3.png\",\"width\":1053,\"height\":521},{\"@type\":\"BreadcrumbList\",\"@id\":\"https:\\\/\\\/insertech.ca\\\/en\\\/events-workshops\\\/semaine-du-numerique-responsable-2025\\\/#breadcrumb\",\"itemListElement\":[{\"@type\":\"ListItem\",\"position\":1,\"name\":\"Accueil\",\"item\":\"https:\\\/\\\/insertech.ca\\\/en\\\/\"},{\"@type\":\"ListItem\",\"position\":2,\"name\":\"Semaine du Num\u00e9rique Responsable\"}]},{\"@type\":\"WebSite\",\"@id\":\"https:\\\/\\\/insertech.ca\\\/en\\\/#website\",\"url\":\"https:\\\/\\\/insertech.ca\\\/en\\\/\",\"name\":\"Insertech\",\"description\":\"Technos et engag\u00e9s\",\"publisher\":{\"@id\":\"https:\\\/\\\/insertech.ca\\\/en\\\/#organization\"},\"potentialAction\":[{\"@type\":\"SearchAction\",\"target\":{\"@type\":\"EntryPoint\",\"urlTemplate\":\"https:\\\/\\\/insertech.ca\\\/en\\\/?s={search_term_string}\"},\"query-input\":{\"@type\":\"PropertyValueSpecification\",\"valueRequired\":true,\"valueName\":\"search_term_string\"}}],\"inLanguage\":\"en-US\"},{\"@type\":\"Organization\",\"@id\":\"https:\\\/\\\/insertech.ca\\\/en\\\/#organization\",\"name\":\"Insertech\",\"alternateName\":\"Insertech\",\"url\":\"https:\\\/\\\/insertech.ca\\\/en\\\/\",\"logo\":{\"@type\":\"ImageObject\",\"inLanguage\":\"en-US\",\"@id\":\"https:\\\/\\\/insertech.ca\\\/en\\\/#\\\/schema\\\/logo\\\/image\\\/\",\"url\":\"https:\\\/\\\/insertech.ca\\\/wp-content\\\/uploads\\\/2023\\\/10\\\/logo-insertech-2022.svg\",\"contentUrl\":\"https:\\\/\\\/insertech.ca\\\/wp-content\\\/uploads\\\/2023\\\/10\\\/logo-insertech-2022.svg\",\"width\":\"1024\",\"height\":\"1024\",\"caption\":\"Insertech\"},\"image\":{\"@id\":\"https:\\\/\\\/insertech.ca\\\/en\\\/#\\\/schema\\\/logo\\\/image\\\/\"},\"sameAs\":[\"https:\\\/\\\/www.facebook.com\\\/insertech.angus\",\"https:\\\/\\\/x.com\\\/insertech\",\"http:\\\/\\\/www.linkedin.com\\\/company\\\/insertech-angus\",\"https:\\\/\\\/www.instagram.com\\\/insertechangus\\\/\"]}]}<\/script>\n","yoast_head_json":{"title":"Semaine du Num\u00e9rique Responsable | Insertech","description":"Du 3 juin au 11 juin aura lieu la semaine du Num\u00e9rique Responsable chez INSERTECH. Pour l'occasion, notre \u00e9quipe vous a concoct\u00e9 un ensemble d'activit\u00e9s ainsi que de belles promotions lors d'une nouvelle vente d'entrep\u00f4t !","robots":{"index":"index","follow":"follow","max-snippet":"max-snippet:-1","max-image-preview":"max-image-preview:large","max-video-preview":"max-video-preview:-1"},"canonical":"https:\/\/insertech.ca\/en\/events-workshops\/semaine-du-numerique-responsable-2025\/","og_locale":"en_US","og_type":"article","og_title":"Semaine du Num\u00e9rique Responsable | Insertech","og_description":"Du 3 juin au 11 juin aura lieu la semaine du Num\u00e9rique Responsable chez INSERTECH. Pour l'occasion, notre \u00e9quipe vous a concoct\u00e9 un ensemble d'activit\u00e9s ainsi que de belles promotions lors d'une nouvelle vente d'entrep\u00f4t !","og_url":"https:\/\/insertech.ca\/en\/events-workshops\/semaine-du-numerique-responsable-2025\/","og_site_name":"Insertech","article_publisher":"https:\/\/www.facebook.com\/insertech.angus","article_modified_time":"2025-06-05T15:10:27+00:00","og_image":[{"width":1053,"height":521,"url":"https:\/\/insertech.ca\/uploads\/2025\/04\/snr-2025-web-3.png","type":"image\/png"}],"twitter_card":"summary_large_image","twitter_site":"@insertech","twitter_misc":{"Est. reading time":"6 minutes"},"schema":{"@context":"https:\/\/schema.org","@graph":[{"@type":"WebPage","@id":"https:\/\/insertech.ca\/en\/events-workshops\/semaine-du-numerique-responsable-2025\/","url":"https:\/\/insertech.ca\/en\/events-workshops\/semaine-du-numerique-responsable-2025\/","name":"Semaine du Num\u00e9rique Responsable | Insertech","isPartOf":{"@id":"https:\/\/insertech.ca\/en\/#website"},"primaryImageOfPage":{"@id":"https:\/\/insertech.ca\/en\/events-workshops\/semaine-du-numerique-responsable-2025\/#primaryimage"},"image":{"@id":"https:\/\/insertech.ca\/en\/events-workshops\/semaine-du-numerique-responsable-2025\/#primaryimage"},"thumbnailUrl":"https:\/\/insertech.ca\/uploads\/2025\/04\/snr-2025-web-3.png","datePublished":"2025-04-04T20:21:49+00:00","dateModified":"2025-06-05T15:10:27+00:00","description":"Du 3 juin au 11 juin aura lieu la semaine du Num\u00e9rique Responsable chez INSERTECH. Pour l'occasion, notre \u00e9quipe vous a concoct\u00e9 un ensemble d'activit\u00e9s ainsi que de belles promotions lors d'une nouvelle vente d'entrep\u00f4t !","breadcrumb":{"@id":"https:\/\/insertech.ca\/en\/events-workshops\/semaine-du-numerique-responsable-2025\/#breadcrumb"},"inLanguage":"en-US","potentialAction":[{"@type":"ReadAction","target":["https:\/\/insertech.ca\/en\/events-workshops\/semaine-du-numerique-responsable-2025\/"]}]},{"@type":"ImageObject","inLanguage":"en-US","@id":"https:\/\/insertech.ca\/en\/events-workshops\/semaine-du-numerique-responsable-2025\/#primaryimage","url":"https:\/\/insertech.ca\/uploads\/2025\/04\/snr-2025-web-3.png","contentUrl":"https:\/\/insertech.ca\/uploads\/2025\/04\/snr-2025-web-3.png","width":1053,"height":521},{"@type":"BreadcrumbList","@id":"https:\/\/insertech.ca\/en\/events-workshops\/semaine-du-numerique-responsable-2025\/#breadcrumb","itemListElement":[{"@type":"ListItem","position":1,"name":"Accueil","item":"https:\/\/insertech.ca\/en\/"},{"@type":"ListItem","position":2,"name":"Semaine du Num\u00e9rique Responsable"}]},{"@type":"WebSite","@id":"https:\/\/insertech.ca\/en\/#website","url":"https:\/\/insertech.ca\/en\/","name":"Insertech","description":"Technos et engag\u00e9s","publisher":{"@id":"https:\/\/insertech.ca\/en\/#organization"},"potentialAction":[{"@type":"SearchAction","target":{"@type":"EntryPoint","urlTemplate":"https:\/\/insertech.ca\/en\/?s={search_term_string}"},"query-input":{"@type":"PropertyValueSpecification","valueRequired":true,"valueName":"search_term_string"}}],"inLanguage":"en-US"},{"@type":"Organization","@id":"https:\/\/insertech.ca\/en\/#organization","name":"Insertech","alternateName":"Insertech","url":"https:\/\/insertech.ca\/en\/","logo":{"@type":"ImageObject","inLanguage":"en-US","@id":"https:\/\/insertech.ca\/en\/#\/schema\/logo\/image\/","url":"https:\/\/insertech.ca\/uploads\/2023\/10\/logo-insertech-2022.svg","contentUrl":"https:\/\/insertech.ca\/uploads\/2023\/10\/logo-insertech-2022.svg","width":"1024","height":"1024","caption":"Insertech"},"image":{"@id":"https:\/\/insertech.ca\/en\/#\/schema\/logo\/image\/"},"sameAs":["https:\/\/www.facebook.com\/insertech.angus","https:\/\/x.com\/insertech","http:\/\/www.linkedin.com\/company\/insertech-angus","https:\/\/www.instagram.com\/insertechangus\/"]}]}},"_links":{"self":[{"href":"https:\/\/insertech.ca\/en\/wp-json\/wp\/v2\/evenements-ateliers\/25444","targetHints":{"allow":["GET"]}}],"collection":[{"href":"https:\/\/insertech.ca\/en\/wp-json\/wp\/v2\/evenements-ateliers"}],"about":[{"href":"https:\/\/insertech.ca\/en\/wp-json\/wp\/v2\/types\/evenements-ateliers"}],"wp:featuredmedia":[{"embeddable":true,"href":"https:\/\/insertech.ca\/en\/wp-json\/wp\/v2\/media\/25690"}],"wp:attachment":[{"href":"https:\/\/insertech.ca\/en\/wp-json\/wp\/v2\/media?parent=25444"}],"curies":[{"name":"wp","href":"https:\/\/api.w.org\/{rel}","templated":true}]}}