{"id":24648,"date":"2024-10-21T14:17:38","date_gmt":"2024-10-21T18:17:38","guid":{"rendered":"https:\/\/insertech.ca\/?page_id=24648"},"modified":"2024-10-25T15:31:45","modified_gmt":"2024-10-25T19:31:45","slug":"guide-administrateurs","status":"publish","type":"page","link":"https:\/\/insertech.ca\/en\/guide-administrateurs\/","title":{"rendered":"Guide administrateurs"},"content":{"rendered":"<section class=\"l-section wpb_row us_custom_7ea58935 height_medium\"><div class=\"l-section-h i-cf\"><div class=\"g-cols vc_row via_grid cols_1 laptops-cols_inherit tablets-cols_inherit mobiles-cols_1 valign_top type_default stacking_default\"><div class=\"wpb_column vc_column_container\"><div class=\"vc_column-inner\"><div class=\"w-separator size_medium\"><\/div><div class=\"wpb_text_column us_custom_60e9caca us_animate_this\"><div class=\"wpb_wrapper\"><h1 style=\"text-align: center;\">Petit guide \u00e0 l\u2019intention des futurs administrateurs<\/h1>\n<\/div><\/div><div class=\"w-separator size_medium\"><\/div><\/div><\/div><\/div><\/div><\/section><section class=\"l-section wpb_row height_medium\"><div class=\"l-section-h i-cf\"><div class=\"g-cols vc_row via_grid cols_1 laptops-cols_inherit tablets-cols_inherit mobiles-cols_1 valign_top type_default stacking_default\"><div class=\"wpb_column vc_column_container\"><div class=\"vc_column-inner\"><div class=\"wpb_text_column\"><div class=\"wpb_wrapper\"><p>Bonjour ! Voici quelques informations qui vous aideront \u00e0 avoir une bonne id\u00e9e de ce que repr\u00e9sente une implication \u00e0 titre d\u2019administrateur chez Insertech.<\/p>\n<\/div><\/div><div class=\"w-separator size_small\"><\/div><div class=\"wpb_text_column\"><div class=\"wpb_wrapper\"><h2>Gouvernance et t\u00e2ches<\/h2>\n<\/div><\/div><div class=\"w-separator size_medium\"><\/div><div class=\"w-tabs style_default switch_click accordion has_scrolling\" style=\"--sections-title-size:inherit\"><div class=\"w-tabs-sections titles-align_none icon_chevron cpos_right\"><div class=\"w-tabs-section\" id=\"y9bb\"><button class=\"w-tabs-section-header\" aria-controls=\"content-y9bb\" aria-expanded=\"false\"><div class=\"w-tabs-section-title\">\u00c0 quoi ressemble la structure de gouvernance d\u2019Insertech?<\/div><div class=\"w-tabs-section-control\"><\/div><\/button><div  class=\"w-tabs-section-content\" id=\"content-y9bb\"><div class=\"w-tabs-section-content-h i-cf\"><div class=\"wpb_text_column\"><div class=\"wpb_wrapper\"><p>La gouvernance d\u00e9signe comment une organisation est gouvern\u00e9e. En d\u2019autres mots, c\u2019est l\u2019ensemble des structures et processus qui assurent que des d\u00e9cisions strat\u00e9giques sont prises, et qui assument le contr\u00f4le sur une organisation.<\/p>\n<h3>\u00c0 quoi ressemble la structure de gouvernance d\u2019Insertech?<\/h3>\n<p>Elle est en fait constitu\u00e9e de 3 fonctions\u00a0:<\/p>\n<ul>\n<li>Les membres, qui forment l\u2019assembl\u00e9e g\u00e9n\u00e9rale<\/li>\n<li>Le conseil d\u2019administration<\/li>\n<li>Les instances interm\u00e9diaires<\/li>\n<\/ul>\n<p>\u00c0 cela s\u2019ajoute un principe de gestion participative, reconnaissant l\u2019importance d\u2019assurer, par divers m\u00e9canismes, la participation et la capacit\u00e9 d\u2019influence des employ\u00e9s, tant sur le plan strat\u00e9gique qu\u2019op\u00e9rationnel.<\/p>\n<h3>Les membres<\/h3>\n<p>Les membres sont des personnes qui adh\u00e8rent \u00e0 la mission de l\u2019organisme, et qui font partie de groupes qui ont \u00e0 c\u0153ur que l\u2019organisme poursuive ses activit\u00e9s et se d\u00e9veloppe. On appelle ces groupes (et les personnes qui en font partie) les parties prenantes de l\u2019organisation.<\/p>\n<p>Le CA d\u2019Insertech, avec l\u2019aide d\u2019une consultante, a fait en 2024 la cartographie de toutes ses parties prenantes, a analys\u00e9 lesquelles \u00e9taient le plus align\u00e9es avec les valeurs d\u2019Insertech, et a d\u00e9cid\u00e9 de celles qui allaient pouvoir constituer le membership de l\u2019entreprise.<\/p>\n<p>Les membres d\u2019Insertech seront ainsi des personnes qui ont une expertise professionnelle (\u00e9tudes reconnues, exp\u00e9rience professionnelle) en lien avec ces 4 domaines\u00a0:<\/p>\n<ul>\n<li>L&#8217;\u00e9quit\u00e9 et l&#8217;inclusion<\/li>\n<li>Le num\u00e9rique responsable<\/li>\n<li>L&#8217;\u00e9conomie circulaire<\/li>\n<li>L&#8217;\u00e9conomie sociale<\/li>\n<\/ul>\n<p>(Les employ\u00e9s d\u2019Insertech, d\u00e9j\u00e0 impliqu\u00e9s de diff\u00e9rentes fa\u00e7ons dans le d\u00e9veloppement de l\u2019organisation, ne peuvent avoir le statut de membre.)<\/p>\n<p>Comme dans toute organisation, les membres ont comme privil\u00e8ges et responsabilit\u00e9s\u00a0:<\/p>\n<ul>\n<li>De participer chaque ann\u00e9e \u00e0 l\u2019assembl\u00e9e g\u00e9n\u00e9rale annuelle (une rencontre o\u00f9 tous les membres sont convi\u00e9s)<\/li>\n<li>D\u2019y recevoir une pr\u00e9sentation sur la sant\u00e9 de l\u2019organisation, sur comment elle r\u00e9alise sa mission et sur comment elle compte \u00e9voluer (rapport des activit\u00e9s de la derni\u00e8re ann\u00e9e, \u00e9tats financiers, pr\u00e9sentation des actions \u00e0 venir)<\/li>\n<li>De participer \u00e0 d\u2019autres activit\u00e9s r\u00e9serv\u00e9es aux membres<\/li>\n<li>D\u2019\u00e9lire les administrateurs (le CA) proposant le meilleur apport pour Insertech en mati\u00e8re d\u2019expertise et de vision<\/li>\n<\/ul>\n<h3>Le conseil d\u2019administration d\u2019Insertech<\/h3>\n<p>Le conseil d\u2019administration est compos\u00e9 principalement de membres \u00e9lus. Collectivement, ils sont responsables\u00a0:<\/p>\n<ul>\n<li>d\u2019embaucher la direction g\u00e9n\u00e9rale,<\/li>\n<li>de veiller \u00e0 la p\u00e9rennit\u00e9 de l\u2019organisme, \u00e0 ce que la gestion soit saine et respecte les lois et les bonnes pratiques (r\u00f4le de contr\u00f4leur)<\/li>\n<li>de s\u2019assurer que les activit\u00e9s d\u00e9ploy\u00e9es lui permettent de r\u00e9aliser sa mission et ses objectifs (coh\u00e9rence, efficacit\u00e9)<\/li>\n<li>et de d\u00e9terminer comment l\u2019organisation doit \u00e9voluer (fixer les orientations strat\u00e9giques)<\/li>\n<\/ul>\n<p>Ainsi, les membres du conseil d\u2019administration n\u2019interviennent pas dans la gestion courante de l\u2019organisation : leur r\u00f4le consiste plut\u00f4t \u00e0 \u00e9tablir les grands principes, les grandes lignes directrices guidant la gestion et le d\u00e9veloppement de l\u2019organisation, et de s\u2019assurer que les moyens ad\u00e9quats sont mis en place pour les concr\u00e9tiser.<\/p>\n<h4><strong>Voici la composition du CA chez Insertech\u00a0:<\/strong><\/h4>\n<p><strong>9 personnes<\/strong>, r\u00e9parties comme suit\u00a0:<\/p>\n<ul>\n<li>2 membres du secteur <strong>\u00c9quit\u00e9\/inclusion<\/strong><\/li>\n<li>2 membres du secteur <strong>\u00c9conomie circulaire<\/strong><\/li>\n<li>2 membres du secteur<strong> \u00c9conomie sociale<\/strong><\/li>\n<li>1 membre du secteur <strong>Num\u00e9rique responsable<\/strong><\/li>\n<li>2 membres<strong> coopt\u00e9s par les autres<\/strong><\/li>\n<\/ul>\n<p>Les membres coopt\u00e9s sont des personnes s\u00e9lectionn\u00e9es pour leur expertise compl\u00e9mentaire \u00e0 celle des autres membres, ou pour des expertises pertinentes en lien avec les projets, aspirations ou d\u00e9fis de l\u2019organisation.<br \/>\nLes 7 autres personnes sont \u00e9lues par les membres lors de l\u2019Assembl\u00e9e g\u00e9n\u00e9rale annuelle.<\/p>\n<\/div><\/div><\/div><\/div><\/div><div class=\"w-tabs-section\" id=\"sca7\"><button class=\"w-tabs-section-header\" aria-controls=\"content-sca7\" aria-expanded=\"false\"><div class=\"w-tabs-section-title\">Quelle est la charge de travail d&#8217;un.e administrateur.ice ?<\/div><div class=\"w-tabs-section-control\"><\/div><\/button><div  class=\"w-tabs-section-content\" id=\"content-sca7\"><div class=\"w-tabs-section-content-h i-cf\"><div class=\"wpb_text_column\"><div class=\"wpb_wrapper\"><p>Le mandat d\u2019un membre du conseil d\u2019administration est de 2 ans.<\/p>\n<p>Le conseil d\u2019administration se r\u00e9unit <strong>entre 5 et 7 fois<\/strong> par ann\u00e9e, pour des rencontres d\u2019une dur\u00e9e de 2h \u00e0 2h30, le plus souvent en soir\u00e9e, parfois sur l\u2019heure du d\u00eener. La plupart des rencontres se tiennent en pr\u00e9sentiel, mais il arrive \u00e0 l\u2019occasion qu\u2019une rencontre se tienne en visioconf\u00e9rence. Pour chaque rencontre du Conseil, des documents sont achemin\u00e9s aux membres du CA la semaine pr\u00e9c\u00e9dant la rencontre pour leur permettre de se pr\u00e9parer. Cette pr\u00e9paration peut \u00eatre estim\u00e9e \u00e0 1 ou 2 heures en amont de chaque rencontre.<\/p>\n<p>La participation \u00e0 l\u2019assembl\u00e9e g\u00e9n\u00e9rale annuelle, tenue habituellement \u00e0 l\u2019automne, est \u00e9galement requise.<\/p>\n<p>\u00c0 ces rencontres statutaires s\u2019ajoute la possibilit\u00e9 de participer \u00e0 des rencontres ponctuelles, pour faire avancer la r\u00e9flexion sur un sujet en particulier. \u00a0Les administrateurs ont aussi la possibilit\u00e9 de participer \u00e0 un comit\u00e9 de travail (instances interm\u00e9diaires), en fonction des int\u00e9r\u00eats et disponibilit\u00e9s de chaque personne.<\/p>\n<h3>Les instances interm\u00e9diaires<\/h3>\n<p>Ces instances sont des comit\u00e9s qui agissent entre le CA et l\u2019assembl\u00e9e g\u00e9n\u00e9rale des membres, pour\u00a0:<\/p>\n<ul>\n<li>Donner une voix particuli\u00e8re \u00e0 certains groupes de personnes importantes pour l\u2019organisation, dont certaines ne satisfont pas les crit\u00e8res pour \u00eatre membres;<\/li>\n<li>Faire avancer la r\u00e9flexion sur certains sujets importants pour l\u2019organisation, et ainsi alimenter la r\u00e9flexion du CA;<\/li>\n<li>Prendre en charge certaines t\u00e2ches d\u00e9l\u00e9gu\u00e9es par le CA.<\/li>\n<\/ul>\n<p>Ces instances peuvent varier dans le temps\u00a0: elles sont constitu\u00e9es en fonction des besoins et du contexte de l\u2019organisation, et dans une perspective de renforcement de la gouvernance d\u00e9mocratique. Leur mandat peut \u00eatre d\u2019une dur\u00e9e d\u00e9finie, ou non.<\/p>\n<p>Les instances interm\u00e9diaires souhait\u00e9es et en cours de mise en place par Insertech sont\u00a0:<\/p>\n<ul>\n<li>Comit\u00e9 insertion socioprofessionnelle<\/li>\n<li>Comit\u00e9 veille technologique et gestion \u00e9coresponsable des appareils<\/li>\n<li>Comit\u00e9 communications et marketing<\/li>\n<li>Comit\u00e9 recrutement et int\u00e9gration des administrateurs<\/li>\n<li>Comit\u00e9 finances<\/li>\n<\/ul>\n<h3>Quelles sont les attentes de l\u2019organisation envers ses administrateurs-trices ?<\/h3>\n<ul>\n<li>Comprendre et partager la mission, la vision et les valeurs d\u2019Insertech<\/li>\n<li>S\u2019engager \u00e0 agir toujours dans le meilleur int\u00e9r\u00eat d\u2019Insertech et de ses membres actuels et futurs<\/li>\n<li>Faire preuve d\u2019\u00e9thique aussi bien dans sa relation avec les autres administrateurs-trices, les membres, les employ\u00e9s d\u2019Insertech et les autres parties prenantes, que dans ses d\u00e9cisions et ses actions<\/li>\n<li>Respecter la confidentialit\u00e9 absolue des informations obtenues et des \u00e9changes ayant lieu dans le cadre de son mandat<\/li>\n<li>Respecter les r\u00e8gles concernant les conflits d\u2019int\u00e9r\u00eats<\/li>\n<li>Respecter les politiques d\u2019Insertech applicables au conseil d\u2019administration<\/li>\n<li>Comprendre et respecter le r\u00f4le et les responsabilit\u00e9s du conseil d\u2019administration<\/li>\n<li>Assister aux r\u00e9unions de fa\u00e7on assidue et bien se pr\u00e9parer afin de contribuer efficacement aux d\u00e9lib\u00e9rations et \u00e0 la prise de d\u00e9cision<\/li>\n<li>Exercer un bon jugement et d\u00e9montrer des aptitudes \u00e0 communiquer ses opinions lors des d\u00e9lib\u00e9rations<\/li>\n<li>\u00catre solidaire des d\u00e9cisions prises par le conseil<\/li>\n<\/ul>\n<\/div><\/div><\/div><\/div><\/div><\/div><\/div><div class=\"w-separator size_large\"><\/div><div class=\"wpb_text_column\"><div class=\"wpb_wrapper\"><h2>Descriptions des comit\u00e9s<\/h2>\n<\/div><\/div><div class=\"w-separator size_medium\"><\/div><div class=\"w-tabs layout_hor style_default switch_click has_scrolling\" style=\"--sections-title-size:1em\"><div class=\"w-tabs-list items_5 align_none\"><div class=\"w-tabs-list-h\"><button class=\"w-tabs-item active\" aria-controls=\"content-b948\" aria-expanded=\"false\"><span class=\"w-tabs-item-title\">Comit\u00e9 insertion socioprofessionnelle<\/span><\/button><button class=\"w-tabs-item\" aria-controls=\"content-ub33\" aria-expanded=\"false\"><span class=\"w-tabs-item-title\">Comit\u00e9 Veille technologique et gestion \u00e9coresponsable des appareils informatiques<\/span><\/button><button class=\"w-tabs-item\" aria-controls=\"content-jd49\" aria-expanded=\"false\"><span class=\"w-tabs-item-title\">Comit\u00e9 communications et commercialisation<\/span><\/button><button class=\"w-tabs-item\" aria-controls=\"content-qf2d\" aria-expanded=\"false\"><span class=\"w-tabs-item-title\">Comit\u00e9 recrutement et int\u00e9gration des administrateurs<\/span><\/button><button class=\"w-tabs-item\" aria-controls=\"content-s13a\" aria-expanded=\"false\"><span class=\"w-tabs-item-title\">Comit\u00e9 finances<\/span><\/button><\/div><\/div><div class=\"w-tabs-sections titles-align_none icon_chevron cpos_right\"><div class=\"w-tabs-section active\" id=\"b948\"><button class=\"w-tabs-section-header active\" aria-controls=\"content-b948\" aria-expanded=\"true\"><div class=\"w-tabs-section-title\">Comit\u00e9 insertion socioprofessionnelle<\/div><div class=\"w-tabs-section-control\"><\/div><\/button><div  class=\"w-tabs-section-content\" id=\"content-b948\"><div class=\"w-tabs-section-content-h i-cf\"><div class=\"wpb_text_column\"><div class=\"wpb_wrapper\"><p><strong>Mandat\u00a0:<\/strong><\/p>\n<p>Ce comit\u00e9 vise \u00e0 mobiliser les parties prenantes directement et indirectement touch\u00e9es par la mission d\u2019insertion d\u2019Insertech afin de les consulter sur l\u2019\u00e9volution et l\u2019am\u00e9lioration du parcours d\u2019insertion d\u2019Insertech. Il vise \u00e9galement \u00e0 valoriser les id\u00e9es, les commentaires et retours d\u2019exp\u00e9rience des travailleurs en formation, qui constituent la client\u00e8le premi\u00e8re d\u2019Insertech.<\/p>\n<p><strong>Composition\u00a0: <\/strong><\/p>\n<p>Ce comit\u00e9 est compos\u00e9 majoritairement de travailleurs en formation d\u2019Insertech, actuels ou anciens, ainsi que, en moins grand nombre, de personnes \u0153uvrant dans le champ de l\u2019insertion socioprofessionnelle. Une personne de l\u2019\u00e9quipe insertion d\u2019Insertech y si\u00e9gera \u00e9galement.<\/p>\n<p><strong>Fr\u00e9quence des rencontres\u00a0:<\/strong> deux fois par ann\u00e9e ou plus<\/p>\n<p><strong>Dur\u00e9e du mandat\u00a0:<\/strong> non-d\u00e9fini<\/p>\n<\/div><\/div><\/div><\/div><\/div><div class=\"w-tabs-section\" id=\"ub33\"><button class=\"w-tabs-section-header\" aria-controls=\"content-ub33\" aria-expanded=\"false\"><div class=\"w-tabs-section-title\">Comit\u00e9 Veille technologique et gestion \u00e9coresponsable des appareils informatiques<\/div><div class=\"w-tabs-section-control\"><\/div><\/button><div  class=\"w-tabs-section-content\" id=\"content-ub33\"><div class=\"w-tabs-section-content-h i-cf\"><div class=\"wpb_text_column\"><div class=\"wpb_wrapper\"><p><strong>Mandat\u00a0:<\/strong><\/p>\n<p>Ce comit\u00e9 vise \u00e0 rassembler des personnes ayant acc\u00e8s \u00e0 l\u2019information la plus actuelle possible en mati\u00e8re de technologie, de tendances technologiques, et de processus de traitement du mat\u00e9riel informatique en fin de vie. En \u00e9changeant sur ces sujets, les membres du comit\u00e9 mettent en lumi\u00e8re les connaissances devant \u00eatre prises en compte dans le cadre de la r\u00e9flexion strat\u00e9gique d\u2019Insertech.<\/p>\n<p><strong>Composition\u00a0: <\/strong><\/p>\n<p>Ce comit\u00e9 est compos\u00e9 de chercheurs, d\u2019influenceurs, de journalistes, d\u2019experts et de passionn\u00e9s de technos, ayant \u00e0 c\u0153ur un d\u00e9veloppement plus responsable du num\u00e9rique, particuli\u00e8rement sur son volet mat\u00e9riel\/<em>hardware<\/em>. Il int\u00e9grera \u00e9galement un membre de la direction ou un ou plusieurs membres de l\u2019\u00e9quipe d\u2019Insertech.<\/p>\n<p><strong>Fr\u00e9quence des rencontres\u00a0:<\/strong> deux fois par ann\u00e9e ou plus<\/p>\n<p><strong>Dur\u00e9e du mandat\u00a0:<\/strong> non-d\u00e9fini<\/p>\n<\/div><\/div><\/div><\/div><\/div><div class=\"w-tabs-section\" id=\"jd49\"><button class=\"w-tabs-section-header\" aria-controls=\"content-jd49\" aria-expanded=\"false\"><div class=\"w-tabs-section-title\">Comit\u00e9 communications et commercialisation<\/div><div class=\"w-tabs-section-control\"><\/div><\/button><div  class=\"w-tabs-section-content\" id=\"content-jd49\"><div class=\"w-tabs-section-content-h i-cf\"><div class=\"wpb_text_column\"><div class=\"wpb_wrapper\"><p><strong>Mandat\u00a0:<\/strong><\/p>\n<p>Ce comit\u00e9 vise \u00e0 rassembler des personnes ayant une expertise en communications et en marketing, int\u00e9ress\u00e9es \u00e0 contribuer au changement de comportement des consommateurs d\u2019appareils num\u00e9riques et \u00e0 la notori\u00e9t\u00e9 d\u2019Insertech et de ses diff\u00e9rents volets d\u2019activit\u00e9s. Le comit\u00e9 aura pour mandat d\u2019alimenter la strat\u00e9gie d\u2019Insertech en mati\u00e8re de communications et de marketing. Il s\u2019alimentera lui-m\u00eame au besoin d\u2019activit\u00e9s de consultation (ex. <em>focus groups<\/em>) aupr\u00e8s des divers publics cibles de l\u2019entreprise, afin de mettre \u00e0 profit l\u2019apport de ces parties prenantes.<\/p>\n<p><strong>Composition\u00a0: <\/strong><\/p>\n<p>Ce comit\u00e9 est compos\u00e9 d\u2019experts de la communication et du marketing, ainsi que de membres de l\u2019\u00e9quipe communications d\u2019Insertech, et au besoin de la direction.<\/p>\n<p><strong>Fr\u00e9quence des rencontres\u00a0:<\/strong> deux fois par ann\u00e9e ou plus<\/p>\n<p><strong>Dur\u00e9e du mandat\u00a0:<\/strong> non-d\u00e9fini<\/p>\n<\/div><\/div><\/div><\/div><\/div><div class=\"w-tabs-section\" id=\"qf2d\"><button class=\"w-tabs-section-header\" aria-controls=\"content-qf2d\" aria-expanded=\"false\"><div class=\"w-tabs-section-title\">Comit\u00e9 recrutement et int\u00e9gration des administrateurs<\/div><div class=\"w-tabs-section-control\"><\/div><\/button><div  class=\"w-tabs-section-content\" id=\"content-qf2d\"><div class=\"w-tabs-section-content-h i-cf\"><div class=\"wpb_text_column\"><div class=\"wpb_wrapper\"><p><strong>Mandat\u00a0:<\/strong><\/p>\n<p>Ce comit\u00e9 aura pour mandat, lors d\u2019un poste vacant au conseil, d\u2019identifier le profil et les comp\u00e9tences des personnes qui permettraient de compl\u00e9ter l\u2019\u00e9quipe d\u2019administrateurs en place, de coordonner le d\u00e9marchage pour identifier des personnes correspondant \u00e0 ce profil, de recevoir puis de pr\u00e9senter leur candidature, le cas \u00e9ch\u00e9ant, aux autres membres du CA. Une fois les nouveaux administrateurs \u00e9lus, le comit\u00e9 s\u2019assurera de structurer un plan d\u2019int\u00e9gration favorisant la compr\u00e9hension, la mobilisation et la satisfaction des personnes int\u00e9gr\u00e9es.<\/p>\n<p><strong>Composition\u00a0: <\/strong><\/p>\n<p>Ce comit\u00e9 est compos\u00e9 de membres de la direction et d\u2019administrateurs d\u2019Insertech, et comptera un minimum de 3 personnes.<\/p>\n<p><strong>Fr\u00e9quence des rencontres\u00a0:<\/strong> au besoin<\/p>\n<p><strong>Dur\u00e9e du mandat\u00a0:<\/strong> non-d\u00e9fini<\/p>\n<\/div><\/div><\/div><\/div><\/div><div class=\"w-tabs-section\" id=\"s13a\"><button class=\"w-tabs-section-header\" aria-controls=\"content-s13a\" aria-expanded=\"false\"><div class=\"w-tabs-section-title\">Comit\u00e9 finances<\/div><div class=\"w-tabs-section-control\"><\/div><\/button><div  class=\"w-tabs-section-content\" id=\"content-s13a\"><div class=\"w-tabs-section-content-h i-cf\"><div class=\"wpb_text_column\"><div class=\"wpb_wrapper\"><p><strong>Mandat\u00a0:<\/strong><\/p>\n<p>Ce comit\u00e9 aura pour mandat d\u2019analyser p\u00e9riodiquement les donn\u00e9es financi\u00e8res d\u2019Insertech pour en faire une premi\u00e8re analyse, laquelle sera pr\u00e9sent\u00e9e lors des rencontres du CA. Il r\u00e9fl\u00e9chira globalement \u00e0 la strat\u00e9gie financi\u00e8re de l\u2019entreprise et pourra \u00e9mettre certaines recommandations au conseil. De plus, ses conseils pourront \u00eatre sollicit\u00e9s sporadiquement par la direction sur des sujets en lien avec la gestion de l\u2019entreprise.<\/p>\n<p><strong>Composition\u00a0: <\/strong><\/p>\n<p>Ce comit\u00e9 est compos\u00e9 de membres de la direction et d\u2019administrateurs d\u2019Insertech, et comptera un minimum de 3 personnes.<\/p>\n<p><strong>Fr\u00e9quence des rencontres\u00a0:<\/strong> au besoin (une r\u00e9troaction, lors d\u2019une rencontre en personne ou lors d\u2019\u00e9changes au t\u00e9l\u00e9phone ou par courriel, en amont de chaque rencontre du CA devra toutefois \u00eatre pr\u00e9vue).<\/p>\n<p><strong>Dur\u00e9e du mandat\u00a0:<\/strong> non-d\u00e9fini<\/p>\n<\/div><\/div><\/div><\/div><\/div><\/div><\/div><\/div><\/div><\/div><\/div><\/section><section class=\"l-section wpb_row us_custom_0ef9331c height_medium\"><div class=\"l-section-h i-cf\"><div class=\"g-cols vc_row via_grid cols_1 laptops-cols_inherit tablets-cols_inherit mobiles-cols_1 valign_top type_default stacking_default\"><div class=\"wpb_column vc_column_container\"><div class=\"vc_column-inner\"><div class=\"wpb_text_column us_custom_6df4bc3a has_text_color\"><div class=\"wpb_wrapper\"><h2>Comment soumettre sa candidature<\/h2>\n<\/div><\/div><div class=\"w-separator size_medium\"><\/div><div class=\"wpb_text_column us_custom_6df4bc3a has_text_color\"><div class=\"wpb_wrapper\"><p>Le processus comporte 4 \u00e9tapes\u00a0:<\/p>\n<ol>\n<li>Si ce n\u2019est d\u00e9j\u00e0 fait, remplir le formulaire pour devenir membre d\u2019Insertech, \u00e0 l\u2019adresse suivante\u00a0: <a href=\"https:\/\/insertech.ca\/devenir-membre\/\">https:\/\/insertech.ca\/devenir-membre\/<\/a><\/li>\n<li>Remplir le formulaire de mise en candidature au poste d\u2019administrateur-trice d\u2019Insertech ci-dessous.<\/li>\n<li>Faire parvenir votre curriculum vitae par courriel \u00e0\u00a0l\u2019adresse indiqu\u00e9e dans le formulaire de mise en candidature\u00a0: <a href=\"mailto:ssebti@insertech.ca\">ssebti@insertech.ca<\/a><\/li>\n<li>Participer \u00e0 une rencontre de prise de contact \u00e0 l\u2019invitation de la direction g\u00e9n\u00e9rale d\u2019Insertech.<\/li>\n<\/ol>\n<p>La validit\u00e9 de votre candidature est ensuite analys\u00e9e par le CA, qui vous fera un retour dans les plus brefs d\u00e9lais. Si celle-ci est valid\u00e9e, vous pourrez pr\u00e9senter votre candidature lors de l\u2019Assembl\u00e9e g\u00e9n\u00e9rale annuelle, ou possiblement \u00eatre coopt\u00e9.e par les membres du CA.<\/p>\n<\/div><\/div><\/div><\/div><\/div><\/div><\/section><section class=\"l-section wpb_row height_medium\"><div class=\"l-section-overlay\" style=\"background:var(--color-content-primary)\"><\/div><div class=\"l-section-h i-cf\"><div class=\"g-cols vc_row via_grid cols_1 laptops-cols_inherit tablets-cols_inherit mobiles-cols_1 valign_top type_default stacking_default\"><div class=\"wpb_column vc_column_container\"><div class=\"vc_column-inner\"><div class=\"wpb_text_column\"><div class=\"wpb_wrapper\"><p><span class=\"TextRun SCXW197387781 BCX0\" lang=\"FR-CA\" xml:lang=\"FR-CA\" data-contrast=\"auto\"><span class=\"NormalTextRun SCXW197387781 BCX0\">Veuillez <\/span><span class=\"NormalTextRun SCXW197387781 BCX0\">ensuite <\/span><span class=\"NormalTextRun SCXW197387781 BCX0\">r\u00e9pondre \u00e0 ces quelques questions pour nous permettre de mieux vous conna\u00eetre<\/span><span class=\"NormalTextRun SCXW197387781 BCX0\">,<\/span><span class=\"NormalTextRun SCXW197387781 BCX0\"> ainsi que d\u2019appr\u00e9cier les motifs de votre candidature.<\/span><span class=\"NormalTextRun SCXW197387781 BCX0\"> *<\/span><\/span><\/p>\n<\/div><\/div><div class=\"w-separator size_small\"><\/div><form class=\"w-form  us-field-style_1 us_custom_a515d534 layout_ver show_message_after_sending for_cform us_form_1\" action=\"https:\/\/insertech.ca\/en\/wp-json\/wp\/v2\/pages\/24648\" method=\"post\"><div class=\"w-form-h\"><div class=\"w-form-row for_text required\">\r\n\t\t<div class=\"w-form-row-field\">\r\n\t\t\t\t\t\t<input aria-label=\"Nom complet\" type=\"text\" name=\"us_form_1_text_1\" value placeholder=\"Nom complet *\" data-required=\"true\" aria-required=\"true\"\/>\r\n\t\t\t<\/div>\r\n\t\t<div class=\"w-form-row-state\">Fill out this field<\/div>\r\n<\/div>\r\n<div class=\"w-form-row for_textarea has_label required\">\r\n\t\t\t<div class=\"w-form-row-label\">\r\n\t\t\t<span>Adresse postale *<\/span>\r\n\t\t<\/div>\r\n\t\t<div class=\"w-form-row-field\">\r\n\t\t\t\t\t\t<textarea aria-label=\"Adresse postale\" name=\"us_form_1_textarea_1\" placeholder data-required=\"true\" aria-required=\"true\"><\/textarea>\r\n\t\t\t<\/div>\r\n\t\t<div class=\"w-form-row-state\">Fill out this field<\/div>\r\n<\/div>\r\n<div class=\"w-form-row for_text has_label required\">\r\n\t\t\t<div class=\"w-form-row-label\">\r\n\t\t\t<span>T\u00e9l\u00e9phone *<\/span>\r\n\t\t<\/div>\r\n\t\t<div class=\"w-form-row-field\">\r\n\t\t\t\t\t\t<input aria-label=\"T\u00e9l\u00e9phone\" type=\"text\" name=\"us_form_1_text_2\" value placeholder data-required=\"true\" aria-required=\"true\"\/>\r\n\t\t\t<\/div>\r\n\t\t<div class=\"w-form-row-state\">Fill out this field<\/div>\r\n<\/div>\r\n<div class=\"w-form-row for_email required\">\r\n\t\t<div class=\"w-form-row-field\">\r\n\t\t\t\t\t\t<input aria-label=\"Courriel\" type=\"email\" name=\"us_form_1_email_1\" value placeholder=\"Courriel *\" data-required=\"true\" aria-required=\"true\"\/>\r\n\t\t\t<\/div>\r\n\t\t<div class=\"w-form-row-state\">Please enter a valid email address.<\/div>\r\n<\/div>\r\n<div class=\"w-form-row for_textarea has_label required\">\r\n\t\t\t<div class=\"w-form-row-label\">\r\n\t\t\t<span>Occupation ou Employeur et titre\/fonction *<\/span>\r\n\t\t<\/div>\r\n\t\t<div class=\"w-form-row-field\">\r\n\t\t\t\t\t\t<textarea aria-label=\"Occupation ou Employeur et titre\/fonction\" name=\"us_form_1_textarea_2\" placeholder=\"Texte\" data-required=\"true\" aria-required=\"true\"><\/textarea>\r\n\t\t\t<\/div>\r\n\t\t<div class=\"w-form-row-state\">Fill out this field<\/div>\r\n<\/div>\r\n<div class=\"w-form-row for_textarea has_label required\">\r\n\t\t\t<div class=\"w-form-row-label\">\r\n\t\t\t<span>Comment avez-vous connu Insertech ? *<\/span>\r\n\t\t<\/div>\r\n\t\t<div class=\"w-form-row-field\">\r\n\t\t\t\t\t\t<textarea aria-label=\"Comment avez-vous connu Insertech ?\" name=\"us_form_1_textarea_3\" placeholder data-required=\"true\" aria-required=\"true\"><\/textarea>\r\n\t\t\t<\/div>\r\n\t\t<div class=\"w-form-row-state\">Fill out this field<\/div>\r\n<\/div>\r\n<div class=\"w-form-row for_textarea has_label required\">\r\n\t\t\t<div class=\"w-form-row-label\">\r\n\t\t\t<span>En quoi la mission d\u2019Insertech vous rejoint-elle ? *<\/span>\r\n\t\t<\/div>\r\n\t\t<div class=\"w-form-row-field\">\r\n\t\t\t\t\t\t<textarea aria-label=\"En quoi la mission d\u2019Insertech vous rejoint-elle ?\" name=\"us_form_1_textarea_4\" placeholder data-required=\"true\" aria-required=\"true\"><\/textarea>\r\n\t\t\t<\/div>\r\n\t\t<div class=\"w-form-row-state\">Fill out this field<\/div>\r\n<\/div>\r\n<div class=\"w-form-row for_textarea has_label required\">\r\n\t\t\t<div class=\"w-form-row-label\">\r\n\t\t\t<span>Qu\u2019est-ce qui vous pousse \u00e0 poser votre candidature pour un poste d\u2019administratrice\/administrateur au sein du conseil d\u2019administration d\u2019Insertech ? *<\/span>\r\n\t\t<\/div>\r\n\t\t<div class=\"w-form-row-field\">\r\n\t\t\t\t\t\t<textarea aria-label=\"Qu\u2019est-ce qui vous pousse \u00e0 poser votre candidature pour un poste d\u2019administratrice\/administrateur au sein du conseil d\u2019administration d\u2019Insertech ?\" name=\"us_form_1_textarea_5\" placeholder data-required=\"true\" aria-required=\"true\"><\/textarea>\r\n\t\t\t<\/div>\r\n\t\t<div class=\"w-form-row-state\">Fill out this field<\/div>\r\n<\/div>\r\n<div class=\"w-form-row for_textarea has_label required\">\r\n\t\t\t<div class=\"w-form-row-label\">\r\n\t\t\t<span>Quelle contribution croyez-vous pouvoir apporter par le biais d\u2019une telle implication ? Quelles exp\u00e9riences, quelles expertises aimeriez-vous mettre \u00e0 profit?  *<\/span>\r\n\t\t<\/div>\r\n\t\t<div class=\"w-form-row-field\">\r\n\t\t\t\t\t\t<textarea aria-label=\"Quelle contribution croyez-vous pouvoir apporter par le biais d\u2019une telle implication ? Quelles exp\u00e9riences, quelles expertises aimeriez-vous mettre \u00e0 profit? \" name=\"us_form_1_textarea_6\" placeholder data-required=\"true\" aria-required=\"true\"><\/textarea>\r\n\t\t\t<\/div>\r\n\t\t<div class=\"w-form-row-state\">Fill out this field<\/div>\r\n<\/div>\r\n<div class=\"w-form-row for_textarea has_label required\">\r\n\t\t\t<div class=\"w-form-row-label\">\r\n\t\t\t<span>Avez-vous d\u00e9j\u00e0 si\u00e9g\u00e9 \u00e0 un ou plusieurs conseils d\u2019administration? (OUI \/ NON, Si oui, lequel ou lesquels?)  *<\/span>\r\n\t\t<\/div>\r\n\t\t<div class=\"w-form-row-field\">\r\n\t\t\t\t\t\t<textarea aria-label=\"Avez-vous d\u00e9j\u00e0 si\u00e9g\u00e9 \u00e0 un ou plusieurs conseils d\u2019administration? (OUI \/ NON, Si oui, lequel ou lesquels?) \" name=\"us_form_1_textarea_7\" placeholder data-required=\"true\" aria-required=\"true\"><\/textarea>\r\n\t\t\t<\/div>\r\n\t\t<div class=\"w-form-row-state\">Fill out this field<\/div>\r\n<\/div>\r\n<div class=\"w-form-row for_textarea has_label required\">\r\n\t\t\t<div class=\"w-form-row-label\">\r\n\t\t\t<span>Quel type de joueur\/joueuse d\u2019\u00e9quipe \u00eates-vous ? Quel r\u00f4le jouez-vous habituellement au sein d\u2019une \u00e9quipe ?  *<\/span>\r\n\t\t<\/div>\r\n\t\t<div class=\"w-form-row-field\">\r\n\t\t\t\t\t\t<textarea aria-label=\"Quel type de joueur\/joueuse d\u2019\u00e9quipe \u00eates-vous ? Quel r\u00f4le jouez-vous habituellement au sein d\u2019une \u00e9quipe ? \" name=\"us_form_1_textarea_8\" placeholder data-required=\"true\" aria-required=\"true\"><\/textarea>\r\n\t\t\t<\/div>\r\n\t\t<div class=\"w-form-row-state\">Fill out this field<\/div>\r\n<\/div>\r\n<div class=\"w-form-row for_textarea has_label required\">\r\n\t\t\t<div class=\"w-form-row-label\">\r\n\t\t\t<span>Combien de temps par mois ou par ann\u00e9e seriez-vous en mesure d\u2019investir en tant que membre du conseil du conseil d\u2019administration d\u2019Insertech ? *<\/span>\r\n\t\t<\/div>\r\n\t\t<div class=\"w-form-row-field\">\r\n\t\t\t\t\t\t<textarea aria-label=\"Combien de temps par mois ou par ann\u00e9e seriez-vous en mesure d\u2019investir en tant que membre du conseil du conseil d\u2019administration d\u2019Insertech ?\" name=\"us_form_1_textarea_9\" placeholder data-required=\"true\" aria-required=\"true\"><\/textarea>\r\n\t\t\t<\/div>\r\n\t\t<div class=\"w-form-row-state\">Fill out this field<\/div>\r\n<\/div>\r\n<div class=\"w-form-row for_textarea has_label required\">\r\n\t\t\t<div class=\"w-form-row-label\">\r\n\t\t\t<span>Est-ce que votre implication au sein du Conseil pourrait entra\u00eener un conflit d\u2019int\u00e9r\u00eats ou une apparence de conflit d\u2019int\u00e9r\u00eats? (OUI \/ NON, Si oui, veuillez expliquer) *<\/span>\r\n\t\t<\/div>\r\n\t\t<div class=\"w-form-row-field\">\r\n\t\t\t\t\t\t<textarea aria-label=\"Est-ce que votre implication au sein du Conseil pourrait entra\u00eener un conflit d\u2019int\u00e9r\u00eats ou une apparence de conflit d\u2019int\u00e9r\u00eats? (OUI \/ NON, Si oui, veuillez expliquer)\" name=\"us_form_1_textarea_10\" placeholder data-required=\"true\" aria-required=\"true\"><\/textarea>\r\n\t\t\t<\/div>\r\n\t\t<div class=\"w-form-row-state\">Fill out this field<\/div>\r\n<\/div>\r\n<div class=\"w-form-row for_select has_label\">\r\n\t\t\t<div class=\"w-form-row-label\">\r\n\t\t\t<span>Les membres du conseil d\u2019administration d\u2019Insertech doivent subir une enqu\u00eate d\u2019ant\u00e9c\u00e9dents aupr\u00e8s de l\u2019Autorit\u00e9 des march\u00e9s publics. Accepteriez-vous de faire l\u2019objet d\u2019une telle enqu\u00eate? <\/span>\r\n\t\t<\/div>\r\n\t\t<div class=\"w-form-row-field\">\r\n\t\t\t\t\t\t<select aria-label=\"Les membres du conseil d\u2019administration d\u2019Insertech doivent subir une enqu\u00eate d\u2019ant\u00e9c\u00e9dents aupr\u00e8s de l\u2019Autorit\u00e9 des march\u00e9s publics. Accepteriez-vous de faire l\u2019objet d\u2019une telle enqu\u00eate? \" name=\"us_form_1_select_1\">\r\n\t\t\t<option value=\"Oui\">Oui<\/option><option value=\"Non\">Non<\/option>\t\t<\/select>\r\n\t\t\t<\/div>\r\n\t\t<div class=\"w-form-row-state\">Select an option<\/div>\r\n<\/div>\r\n<div class=\"w-form-row for_textarea has_label required\">\r\n\t\t\t<div class=\"w-form-row-label\">\r\n\t\t\t<span>Quel serait un bon moment en semaine pour \u00e9changer avec vous de vive voix ? *<\/span>\r\n\t\t<\/div>\r\n\t\t<div class=\"w-form-row-field\">\r\n\t\t\t\t\t\t<textarea aria-label=\"Quel serait un bon moment en semaine pour \u00e9changer avec vous de vive voix ?\" name=\"us_form_1_textarea_11\" placeholder data-required=\"true\" aria-required=\"true\"><\/textarea>\r\n\t\t\t<\/div>\r\n\t\t<div class=\"w-form-row-state\">Fill out this field<\/div>\r\n<\/div>\r\n<div class=\"w-form-row for_agreement required\">\r\n\t\t\t<div class=\"w-form-row-label\">\r\n\t\t\t<span>J'ai lu et je comprends les informations du guide <span class=\"required\">*<\/span><\/span>\r\n\t\t<\/div>\r\n\t\t<div class=\"w-form-row-field\">\r\n\t\t\t\t<label>\r\n\t\t\t<input type=\"checkbox\" value=\"1\" data-required=\"true\" aria-required=\"true\" name=\"us_form_1_agreement_1\"\/>\r\n\t\t\t<span><\/span>\r\n\t\t<\/label>\r\n\t\t\t<\/div>\r\n\t\t<div class=\"w-form-row-state\">You need to agree with the terms to proceed<\/div>\r\n<\/div>\r\n<input type=\"hidden\" name=\"action\" value=\"us_ajax_cform\" \/>\r\n<input type=\"hidden\" name=\"post_id\" value=\"0\" \/>\r\n<input type=\"hidden\" name=\"form_index\" value=\"1\" \/>\r\n<div class=\"w-form-row for_submit align_none\"><button class=\"w-btn us-btn-style_1\" type=\"submit\" aria-label=\"Submit\"><span class=\"g-preloader type_1\"><\/span><span class=\"w-btn-label\">Submit<\/span><\/button><\/div><\/div><div class=\"w-form-message\"><\/div><div class=\"w-form-json hidden\" onclick='return {&quot;ajaxurl&quot;:&quot;https:\\\/\\\/insertech.ca\\\/gestion\\\/admin-ajax.php&quot;,&quot;messages&quot;:{&quot;err_empty&quot;:&quot;Fill out this field&quot;,&quot;err_size&quot;:&quot;File size cannot exceed %s MB&quot;,&quot;err_extension&quot;:&quot;%s file type is not allowed&quot;,&quot;err_recaptcha_keys&quot;:&quot;reCAPTCHA keys are incorrect&quot;}}'><\/div><\/form><div class=\"w-separator size_medium\"><\/div><div class=\"wpb_text_column\"><div class=\"wpb_wrapper\"><p><span data-contrast=\"auto\">Merci pour votre temps! Nous prendrons contact avec vous sous peu pour faire plus ample connaissance.<\/span><\/p>\n<p>&nbsp;<\/p>\n<p><em>* Les renseignements que vous fournissez dans ce formulaire ne seront utilis\u00e9s que dans le seul but de documenter et de pr\u00e9senter votre candidature. Ces renseignements ne seront divulgu\u00e9s qu\u2019aux membres d\u2019Insertech, \u00e0 l\u2019exception de vos renseignements sensibles (adresse, t\u00e9l\u00e9phone, courriel) qui ne seront partag\u00e9s qu\u2019avec la direction d\u2019Insertech et, le cas \u00e9ch\u00e9ant, avec le Registraire des entreprises du Qu\u00e9bec, Revenu Qu\u00e9bec, l\u2019Agence du revenu du Canada et l\u2019Autorit\u00e9 des march\u00e9s publics du Qu\u00e9bec. L\u2019ensemble des informations issues de ce formulaire seront effac\u00e9es des syst\u00e8mes d\u2019information d\u2019Insertech apr\u00e8s 3 ans ou, le cas \u00e9ch\u00e9ant, 5 ans apr\u00e8s la fin de votre mandat \u00e0 titre d\u2019administratrice\/ d\u2019administrateur d\u2019Insertech. Pour plus d\u2019information, veuillez contacter le responsable de la protection des renseignements personnels\u202f: <a href=\"mailto:rprp@insertech.ca\">rprp@insertech.ca<\/a>\u00a0\u00a0<\/em><\/p>\n<\/div><\/div><\/div><\/div><\/div><\/div><\/section><section class=\"l-section wpb_row us_custom_a9be633b padding-inline-6 rangee-infolettre height_medium\"><div class=\"l-section-h i-cf\"><div class=\"g-cols vc_row via_grid cols_1 laptops-cols_inherit tablets-cols_inherit mobiles-cols_1 valign_middle type_default stacking_default\"><div class=\"wpb_column vc_column_container\"><div class=\"vc_column-inner\"><div class=\"wpb_text_column style-h3\"><div class=\"wpb_wrapper\"><h2 style=\"text-align: center;\">Des questions? N\u2019h\u00e9sitez pas \u00e0 contacter Saad Sebti<br \/>\nau 514 596-2842 poste 303 ou sur <a href=\"mailto:ssebti@insertech.ca\">ssebti@insertech.ca<\/a><\/h2>\n<\/div><\/div><\/div><\/div><\/div><\/div><\/section>\n","protected":false},"excerpt":{"rendered":"Petit guide \u00e0 l\u2019intention des futurs administrateurs Bonjour ! Voici quelques informations qui vous aideront \u00e0 avoir une bonne id\u00e9e de ce que repr\u00e9sente une implication \u00e0 titre d\u2019administrateur chez Insertech. Gouvernance et t\u00e2ches \u00c0 quoi ressemble la structure de gouvernance d\u2019Insertech?La gouvernance d\u00e9signe comment une organisation est gouvern\u00e9e. En d\u2019autres mots, c\u2019est l\u2019ensemble des...","protected":false},"author":4,"featured_media":0,"parent":0,"menu_order":0,"comment_status":"closed","ping_status":"closed","template":"","meta":{"_acf_changed":false,"footnotes":""},"class_list":["post-24648","page","type-page","status-publish","hentry"],"acf":[],"yoast_head":"\n<title>Guide administrateurs | Insertech<\/title>\n<meta name=\"description\" content=\"L\u2019informatique t\u2019int\u00e9resse, tu es motiv\u00e9 \u00e0 apprendre, et tu d\u00e9sires prendre ta vie en main? Participe \u00e0 notre programme d\u2019insertion!\" \/>\n<meta name=\"robots\" content=\"index, follow, max-snippet:-1, max-image-preview:large, max-video-preview:-1\" \/>\n<link rel=\"canonical\" href=\"https:\/\/insertech.ca\/en\/guide-administrateurs\/\" \/>\n<meta property=\"og:locale\" content=\"en_US\" \/>\n<meta property=\"og:type\" content=\"article\" \/>\n<meta property=\"og:title\" content=\"Guide administrateurs | Insertech\" \/>\n<meta property=\"og:description\" content=\"L\u2019informatique t\u2019int\u00e9resse, tu es motiv\u00e9 \u00e0 apprendre, et tu d\u00e9sires prendre ta vie en main? Participe \u00e0 notre programme d\u2019insertion!\" \/>\n<meta property=\"og:url\" content=\"https:\/\/insertech.ca\/en\/guide-administrateurs\/\" \/>\n<meta property=\"og:site_name\" content=\"Insertech\" \/>\n<meta property=\"article:publisher\" content=\"https:\/\/www.facebook.com\/insertech.angus\" \/>\n<meta property=\"article:modified_time\" content=\"2024-10-25T19:31:45+00:00\" \/>\n<meta property=\"og:image\" content=\"https:\/\/insertech.ca\/uploads\/2024\/05\/Insertech-06.jpg\" \/>\n\t<meta property=\"og:image:width\" content=\"1024\" \/>\n\t<meta property=\"og:image:height\" content=\"681\" \/>\n\t<meta property=\"og:image:type\" content=\"image\/jpeg\" \/>\n<meta name=\"twitter:card\" content=\"summary_large_image\" \/>\n<meta name=\"twitter:site\" content=\"@insertech\" \/>\n<meta name=\"twitter:label1\" content=\"Est. reading time\" \/>\n\t<meta name=\"twitter:data1\" content=\"11 minutes\" \/>\n<script type=\"application\/ld+json\" class=\"yoast-schema-graph\">{\"@context\":\"https:\\\/\\\/schema.org\",\"@graph\":[{\"@type\":\"WebPage\",\"@id\":\"https:\\\/\\\/insertech.ca\\\/en\\\/guide-administrateurs\\\/\",\"url\":\"https:\\\/\\\/insertech.ca\\\/en\\\/guide-administrateurs\\\/\",\"name\":\"Guide administrateurs | Insertech\",\"isPartOf\":{\"@id\":\"https:\\\/\\\/insertech.ca\\\/en\\\/#website\"},\"datePublished\":\"2024-10-21T18:17:38+00:00\",\"dateModified\":\"2024-10-25T19:31:45+00:00\",\"description\":\"L\u2019informatique t\u2019int\u00e9resse, tu es motiv\u00e9 \u00e0 apprendre, et tu d\u00e9sires prendre ta vie en main? Participe \u00e0 notre programme d\u2019insertion!\",\"breadcrumb\":{\"@id\":\"https:\\\/\\\/insertech.ca\\\/en\\\/guide-administrateurs\\\/#breadcrumb\"},\"inLanguage\":\"en-US\",\"potentialAction\":[{\"@type\":\"ReadAction\",\"target\":[\"https:\\\/\\\/insertech.ca\\\/en\\\/guide-administrateurs\\\/\"]}]},{\"@type\":\"BreadcrumbList\",\"@id\":\"https:\\\/\\\/insertech.ca\\\/en\\\/guide-administrateurs\\\/#breadcrumb\",\"itemListElement\":[{\"@type\":\"ListItem\",\"position\":1,\"name\":\"Accueil\",\"item\":\"https:\\\/\\\/insertech.ca\\\/en\\\/\"},{\"@type\":\"ListItem\",\"position\":2,\"name\":\"Guide administrateurs\"}]},{\"@type\":\"WebSite\",\"@id\":\"https:\\\/\\\/insertech.ca\\\/en\\\/#website\",\"url\":\"https:\\\/\\\/insertech.ca\\\/en\\\/\",\"name\":\"Insertech\",\"description\":\"Technos et engag\u00e9s\",\"publisher\":{\"@id\":\"https:\\\/\\\/insertech.ca\\\/en\\\/#organization\"},\"potentialAction\":[{\"@type\":\"SearchAction\",\"target\":{\"@type\":\"EntryPoint\",\"urlTemplate\":\"https:\\\/\\\/insertech.ca\\\/en\\\/?s={search_term_string}\"},\"query-input\":{\"@type\":\"PropertyValueSpecification\",\"valueRequired\":true,\"valueName\":\"search_term_string\"}}],\"inLanguage\":\"en-US\"},{\"@type\":\"Organization\",\"@id\":\"https:\\\/\\\/insertech.ca\\\/en\\\/#organization\",\"name\":\"Insertech\",\"alternateName\":\"Insertech\",\"url\":\"https:\\\/\\\/insertech.ca\\\/en\\\/\",\"logo\":{\"@type\":\"ImageObject\",\"inLanguage\":\"en-US\",\"@id\":\"https:\\\/\\\/insertech.ca\\\/en\\\/#\\\/schema\\\/logo\\\/image\\\/\",\"url\":\"https:\\\/\\\/insertech.ca\\\/wp-content\\\/uploads\\\/2023\\\/10\\\/logo-insertech-2022.svg\",\"contentUrl\":\"https:\\\/\\\/insertech.ca\\\/wp-content\\\/uploads\\\/2023\\\/10\\\/logo-insertech-2022.svg\",\"width\":\"1024\",\"height\":\"1024\",\"caption\":\"Insertech\"},\"image\":{\"@id\":\"https:\\\/\\\/insertech.ca\\\/en\\\/#\\\/schema\\\/logo\\\/image\\\/\"},\"sameAs\":[\"https:\\\/\\\/www.facebook.com\\\/insertech.angus\",\"https:\\\/\\\/x.com\\\/insertech\",\"http:\\\/\\\/www.linkedin.com\\\/company\\\/insertech-angus\",\"https:\\\/\\\/www.instagram.com\\\/insertechangus\\\/\"]}]}<\/script>\n","yoast_head_json":{"title":"Guide administrateurs | Insertech","description":"L\u2019informatique t\u2019int\u00e9resse, tu es motiv\u00e9 \u00e0 apprendre, et tu d\u00e9sires prendre ta vie en main? Participe \u00e0 notre programme d\u2019insertion!","robots":{"index":"index","follow":"follow","max-snippet":"max-snippet:-1","max-image-preview":"max-image-preview:large","max-video-preview":"max-video-preview:-1"},"canonical":"https:\/\/insertech.ca\/en\/guide-administrateurs\/","og_locale":"en_US","og_type":"article","og_title":"Guide administrateurs | Insertech","og_description":"L\u2019informatique t\u2019int\u00e9resse, tu es motiv\u00e9 \u00e0 apprendre, et tu d\u00e9sires prendre ta vie en main? Participe \u00e0 notre programme d\u2019insertion!","og_url":"https:\/\/insertech.ca\/en\/guide-administrateurs\/","og_site_name":"Insertech","article_publisher":"https:\/\/www.facebook.com\/insertech.angus","article_modified_time":"2024-10-25T19:31:45+00:00","og_image":[{"width":1024,"height":681,"url":"https:\/\/insertech.ca\/uploads\/2024\/05\/Insertech-06.jpg","type":"image\/jpeg"}],"twitter_card":"summary_large_image","twitter_site":"@insertech","twitter_misc":{"Est. reading time":"11 minutes"},"schema":{"@context":"https:\/\/schema.org","@graph":[{"@type":"WebPage","@id":"https:\/\/insertech.ca\/en\/guide-administrateurs\/","url":"https:\/\/insertech.ca\/en\/guide-administrateurs\/","name":"Guide administrateurs | Insertech","isPartOf":{"@id":"https:\/\/insertech.ca\/en\/#website"},"datePublished":"2024-10-21T18:17:38+00:00","dateModified":"2024-10-25T19:31:45+00:00","description":"L\u2019informatique t\u2019int\u00e9resse, tu es motiv\u00e9 \u00e0 apprendre, et tu d\u00e9sires prendre ta vie en main? Participe \u00e0 notre programme d\u2019insertion!","breadcrumb":{"@id":"https:\/\/insertech.ca\/en\/guide-administrateurs\/#breadcrumb"},"inLanguage":"en-US","potentialAction":[{"@type":"ReadAction","target":["https:\/\/insertech.ca\/en\/guide-administrateurs\/"]}]},{"@type":"BreadcrumbList","@id":"https:\/\/insertech.ca\/en\/guide-administrateurs\/#breadcrumb","itemListElement":[{"@type":"ListItem","position":1,"name":"Accueil","item":"https:\/\/insertech.ca\/en\/"},{"@type":"ListItem","position":2,"name":"Guide administrateurs"}]},{"@type":"WebSite","@id":"https:\/\/insertech.ca\/en\/#website","url":"https:\/\/insertech.ca\/en\/","name":"Insertech","description":"Technos et engag\u00e9s","publisher":{"@id":"https:\/\/insertech.ca\/en\/#organization"},"potentialAction":[{"@type":"SearchAction","target":{"@type":"EntryPoint","urlTemplate":"https:\/\/insertech.ca\/en\/?s={search_term_string}"},"query-input":{"@type":"PropertyValueSpecification","valueRequired":true,"valueName":"search_term_string"}}],"inLanguage":"en-US"},{"@type":"Organization","@id":"https:\/\/insertech.ca\/en\/#organization","name":"Insertech","alternateName":"Insertech","url":"https:\/\/insertech.ca\/en\/","logo":{"@type":"ImageObject","inLanguage":"en-US","@id":"https:\/\/insertech.ca\/en\/#\/schema\/logo\/image\/","url":"https:\/\/insertech.ca\/uploads\/2023\/10\/logo-insertech-2022.svg","contentUrl":"https:\/\/insertech.ca\/uploads\/2023\/10\/logo-insertech-2022.svg","width":"1024","height":"1024","caption":"Insertech"},"image":{"@id":"https:\/\/insertech.ca\/en\/#\/schema\/logo\/image\/"},"sameAs":["https:\/\/www.facebook.com\/insertech.angus","https:\/\/x.com\/insertech","http:\/\/www.linkedin.com\/company\/insertech-angus","https:\/\/www.instagram.com\/insertechangus\/"]}]}},"_links":{"self":[{"href":"https:\/\/insertech.ca\/en\/wp-json\/wp\/v2\/pages\/24648","targetHints":{"allow":["GET"]}}],"collection":[{"href":"https:\/\/insertech.ca\/en\/wp-json\/wp\/v2\/pages"}],"about":[{"href":"https:\/\/insertech.ca\/en\/wp-json\/wp\/v2\/types\/page"}],"author":[{"embeddable":true,"href":"https:\/\/insertech.ca\/en\/wp-json\/wp\/v2\/users\/4"}],"replies":[{"embeddable":true,"href":"https:\/\/insertech.ca\/en\/wp-json\/wp\/v2\/comments?post=24648"}],"version-history":[{"count":0,"href":"https:\/\/insertech.ca\/en\/wp-json\/wp\/v2\/pages\/24648\/revisions"}],"wp:attachment":[{"href":"https:\/\/insertech.ca\/en\/wp-json\/wp\/v2\/media?parent=24648"}],"curies":[{"name":"wp","href":"https:\/\/api.w.org\/{rel}","templated":true}]}}